{"id":1065,"date":"2020-10-26T10:29:23","date_gmt":"2020-10-26T08:29:23","guid":{"rendered":"https:\/\/etno.net\/?post_type=product&#038;p=1065"},"modified":"2021-12-23T14:44:29","modified_gmt":"2021-12-23T12:44:29","slug":"markku-lepisto-silta","status":"publish","type":"product","link":"https:\/\/etno.net\/en\/julkaisu\/aanitteet\/markku-lepisto-silta","title":{"rendered":"Markku Lepist\u00f6: Silta"},"content":{"rendered":"<p>\u00c4\u00e4nitys: Kalle Vanhapelto (paitsi 7. Janne Viksten ja 10. Markku Lepist\u00f6)<br \/>\nMiksaus: Janne Viksten, Pekka Lehti ja Markku Lepist\u00f6<br \/>\nMasterointi: Pauli Saastamoinen, Finnvox<\/p>\n<p><strong>1. Alku<\/strong><br \/>\nS\u00e4v. trad., sov. Markku Lepist\u00f6.<\/p>\n<p>Markku Lepist\u00f6: haitari<\/p>\n<p><strong>2. Hermannin mollipolkka\/Lapikaspolkka\/Aution Matin polkka<\/strong><\/p>\n<!--[if lt IE 9]><script>document.createElement('audio');<\/script><![endif]-->\n<audio class=\"wp-audio-shortcode\" id=\"audio-1065-1\" preload=\"none\" style=\"width: 100%;\" controls=\"controls\"><source type=\"audio\/mpeg\" src=\"https:\/\/etno.net\/wp-content\/uploads\/2020\/10\/etn_fcd_034_034_sou_002_prv.mp3?_=1\" \/><a href=\"https:\/\/etno.net\/wp-content\/uploads\/2020\/10\/etn_fcd_034_034_sou_002_prv.mp3\">https:\/\/etno.net\/wp-content\/uploads\/2020\/10\/etn_fcd_034_034_sou_002_prv.mp3<\/a><\/audio>\n<p>S\u00e4v. trad., sov. Petri Hakala, Jouko Kyh\u00e4l\u00e4, Pekka Lehti, Markku Lepist\u00f6, Janne Viksten.<\/p>\n<p>Petri Hakala: mandoliini<br \/>\nJouko Kyh\u00e4l\u00e4: harmooni<br \/>\nPekka Lehti: basso<br \/>\nMarkku Lepist\u00f6: 2-rivinen haitari<br \/>\nJanne Viksten: banjo<\/p>\n<p><strong>3. Ruunankoski<\/strong><\/p>\n<audio class=\"wp-audio-shortcode\" id=\"audio-1065-2\" preload=\"none\" style=\"width: 100%;\" controls=\"controls\"><source type=\"audio\/mpeg\" src=\"https:\/\/etno.net\/wp-content\/uploads\/2020\/10\/etn_fcd_034_034_sou_003_prv.mp3?_=2\" \/><a href=\"https:\/\/etno.net\/wp-content\/uploads\/2020\/10\/etn_fcd_034_034_sou_003_prv.mp3\">https:\/\/etno.net\/wp-content\/uploads\/2020\/10\/etn_fcd_034_034_sou_003_prv.mp3<\/a><\/audio>\n<p>S\u00e4v. Markku Lepist\u00f6, sov. Petri Hakala, Pekka Lehti, Markku Lepist\u00f6, Tuomas Logr\u00e9n.<\/p>\n<p>Petri Hakala: mandoliini<br \/>\nPekka Lehti: basso<br \/>\nMarkku Lepist\u00f6: 2-rivinen haitari<br \/>\nTuomas Logr\u00e9n: kitara<\/p>\n<p><strong>4. Myrskylintu<\/strong><br \/>\nS\u00e4v. Markku Lepist\u00f6, sov. Petri Hakala, Sami Koskela, Jouko Kyh\u00e4l\u00e4, Pekka Lehti, Markku Lepist\u00f6, Janne Viksten.<\/p>\n<p>Petri Hakala: mandoliini<br \/>\nSami Koskela: pandeiro<br \/>\nJouko Kyh\u00e4l\u00e4: harmooni<br \/>\nPekka Lehti: basso<br \/>\nMarkku Lepist\u00f6: 2-rivinen haitari<br \/>\nJanne Viksten: banjo<\/p>\n<p><strong>5. L\u00e4nsiranta<\/strong><\/p>\n<audio class=\"wp-audio-shortcode\" id=\"audio-1065-3\" preload=\"none\" style=\"width: 100%;\" controls=\"controls\"><source type=\"audio\/mpeg\" src=\"https:\/\/etno.net\/wp-content\/uploads\/2020\/10\/etn_fcd_034_034_sou_005_prv.mp3?_=3\" \/><a href=\"https:\/\/etno.net\/wp-content\/uploads\/2020\/10\/etn_fcd_034_034_sou_005_prv.mp3\">https:\/\/etno.net\/wp-content\/uploads\/2020\/10\/etn_fcd_034_034_sou_005_prv.mp3<\/a><\/audio>\n<p>S\u00e4v. Markku Lepist\u00f6, sov. Petri Hakala, Jouko Kyh\u00e4l\u00e4, Pekka Lehti, Markku Lepist\u00f6, Janne Viksten.<\/p>\n<p>Petri Hakala: mandoliini<br \/>\nJouko Kyh\u00e4l\u00e4: claviola<br \/>\nPekka Lehti: basso<br \/>\nMarkku Lepist\u00f6: 2-rivinen haitari<br \/>\nJanne Viksten: kitara<\/p>\n<p><strong>6. M\u00e4l\u00e4sk\u00e4n\/Tallarin polskat<\/strong><br \/>\nS\u00e4v. trad., sov. Petri Hakala, Markku Lepist\u00f6, Lassi Logr\u00e9n.<\/p>\n<p>Petri Hakala: cittern<br \/>\nMarkku Lepist\u00f6: 1-rivinen haitari<br \/>\nLassi Logr\u00e9n: viulu<\/p>\n<p><strong>7. Concerto Diatonique<\/strong><br \/>\nS\u00e4v. Markku Lepist\u00f6, sov. Petri Hakala, Jouko Kyh\u00e4l\u00e4, Pekka Lehti, Markku Lepist\u00f6, Janne Viksten.<\/p>\n<p>Petri Hakala: mandoliini<br \/>\nJouko Kyh\u00e4l\u00e4: harmooni<br \/>\nPekka Lehti: basso<br \/>\nMarkku Lepist\u00f6: 2-rivinen haitari<br \/>\nJanne Viksten: banjo<\/p>\n<p><strong>8. Kauhajoen valssi<\/strong><br \/>\nS\u00e4v. trad., sov. Petri Hakala, Markku Lepist\u00f6, Lassi Logr\u00e9n.<\/p>\n<p>Petri Hakala: cittern<br \/>\nMarkku Lepist\u00f6: 1-rivinen haitari<br \/>\nLassi Logr\u00e9n: viulu<\/p>\n<p><strong>9. Kuortaneen menuetti ja polska<\/strong><br \/>\nS\u00e4v. Markku Lepist\u00f6, sov. Petri Hakala, Jouko Kyh\u00e4l\u00e4, Pekka Lehti, Markku Lepist\u00f6, Janne Viksten.<\/p>\n<p>Petri Hakala: mandoliini<br \/>\nJouko Kyh\u00e4l\u00e4: harmooni<br \/>\nPekka Lehti: basso<br \/>\nMarkku Lepist\u00f6: 2-rivinen haitari<br \/>\nJanne Viksten: kitara<\/p>\n<p><strong>10. Silta<\/strong><br \/>\nS\u00e4v. Markku Lepist\u00f6, sov. Markku Lepist\u00f6.<\/p>\n<p>Markku Lepist\u00f6: haitari<\/p>\n","protected":false},"excerpt":{"rendered":"<p>T\u00e4m\u00e4n levyn kokoavana ajatuksena on ollut Pohjanmaa, josta olen ollut poissa jo kohta kaksikymment\u00e4 vuotta. Lapsuuteni Pohjanmaahan kuuluivat leikit kotipihalla, kalastusretket j\u00e4rvell\u00e4, kotimaisemat sumuisena aamuna tai auringon laskiessa, soittohetket oman is\u00e4ni ja kyl\u00e4n pelimannien kanssa.<\/p>\n<p>T\u00e4lle kaikelle haluan omistaa t\u00e4m\u00e4n levyn.<\/p>\n<p><em>Helsinki, joulukuu 2001 Markku Lepist\u00f6<\/em><\/p>","protected":false},"featured_media":1066,"comment_status":"closed","ping_status":"closed","template":"","meta":{"_acf_changed":false},"product_brand":[],"product_cat":[65],"product_tag":[],"class_list":{"0":"post-1065","1":"product","2":"type-product","3":"status-publish","4":"has-post-thumbnail","6":"product_cat-aanitteet","8":"first","9":"instock","10":"shipping-taxable","11":"product-type-simple"},"acf":[],"_links":{"self":[{"href":"https:\/\/etno.net\/en\/wp-json\/wp\/v2\/product\/1065","targetHints":{"allow":["GET"]}}],"collection":[{"href":"https:\/\/etno.net\/en\/wp-json\/wp\/v2\/product"}],"about":[{"href":"https:\/\/etno.net\/en\/wp-json\/wp\/v2\/types\/product"}],"replies":[{"embeddable":true,"href":"https:\/\/etno.net\/en\/wp-json\/wp\/v2\/comments?post=1065"}],"wp:featuredmedia":[{"embeddable":true,"href":"https:\/\/etno.net\/en\/wp-json\/wp\/v2\/media\/1066"}],"wp:attachment":[{"href":"https:\/\/etno.net\/en\/wp-json\/wp\/v2\/media?parent=1065"}],"wp:term":[{"taxonomy":"product_brand","embeddable":true,"href":"https:\/\/etno.net\/en\/wp-json\/wp\/v2\/product_brand?post=1065"},{"taxonomy":"product_cat","embeddable":true,"href":"https:\/\/etno.net\/en\/wp-json\/wp\/v2\/product_cat?post=1065"},{"taxonomy":"product_tag","embeddable":true,"href":"https:\/\/etno.net\/en\/wp-json\/wp\/v2\/product_tag?post=1065"}],"curies":[{"name":"wp","href":"https:\/\/api.w.org\/{rel}","templated":true}]}}