{"id":1085,"date":"2020-10-26T11:07:53","date_gmt":"2020-10-26T09:07:53","guid":{"rendered":"https:\/\/etno.net\/?post_type=product&#038;p=1085"},"modified":"2021-12-23T14:41:23","modified_gmt":"2021-12-23T12:41:23","slug":"spontaani-vire-kaahu","status":"publish","type":"product","link":"https:\/\/etno.net\/en\/julkaisu\/aanitteet\/spontaani-vire-kaahu","title":{"rendered":"Spontaani Vire: Kaahu"},"content":{"rendered":"<p>\u00c4\u00e4nitys: Hannu Oskala<br \/>\nMiksaus: Hannu Oskala &amp; Eero Grundstr\u00f6m<br \/>\nMasterointi: Minerva Pappi, Finnvox<\/p>\n<p><strong>1. Kaahu<\/strong><\/p>\n<!--[if lt IE 9]><script>document.createElement('audio');<\/script><![endif]-->\n<audio class=\"wp-audio-shortcode\" id=\"audio-1085-1\" preload=\"none\" style=\"width: 100%;\" controls=\"controls\"><source type=\"audio\/mpeg\" src=\"https:\/\/etno.net\/wp-content\/uploads\/2020\/10\/etn_fcd_038_038_sou_001_prv.mp3?_=1\" \/><a href=\"https:\/\/etno.net\/wp-content\/uploads\/2020\/10\/etn_fcd_038_038_sou_001_prv.mp3\">https:\/\/etno.net\/wp-content\/uploads\/2020\/10\/etn_fcd_038_038_sou_001_prv.mp3<\/a><\/audio>\n<p>S\u00e4v. Eero Grundstr\u00f6m, sov. Eero Grundstr\u00f6m.<\/p>\n<p>Eero Grundstr\u00f6m: harmooni<br \/>\nAnne-Mari Kivim\u00e4ki: haitari<br \/>\nEmilia Lajunen: viulu<br \/>\nSara Puljula: kontrabasso, tamburiini, darabuka<\/p>\n<p><strong>2. Kamelilla Pit\u00e4j\u00e4nm\u00e4keen<\/strong><br \/>\nS\u00e4v. Anne-Mari Kivim\u00e4ki, sov. Eero Grundstr\u00f6m, Sara Puljula.<\/p>\n<p>Eero Grundstr\u00f6m: harmooni<br \/>\nAnne-Mari Kivim\u00e4ki: haitari<br \/>\nEmilia Lajunen: viulu<br \/>\nSara Puljula: kontrabasso<\/p>\n<p><strong>3. Pieni morsiusmarssi<\/strong><br \/>\nS\u00e4v. Emilia Lajunen, sov. Emilia Lajunen.<\/p>\n<p>Eero Grundstr\u00f6m: flyygeli<br \/>\nAnne-Mari Kivim\u00e4ki: haitari<br \/>\nEmilia Lajunen: avainviulu<br \/>\nSara Puljula: kontrabasso<\/p>\n<p><strong>4. TW<\/strong><br \/>\nS\u00e4v. trad., sov. Jouko Kyh\u00e4l\u00e4.<\/p>\n<p>Eero Grundstr\u00f6m: harmooni<br \/>\nAnne-Mari Kivim\u00e4ki: haitari<br \/>\nEmilia Lajunen: viulu<br \/>\nSara Puljula: kontrabasso<\/p>\n<p><strong>5. Talikko<\/strong><br \/>\nS\u00e4v. Eero Grundstr\u00f6m, sov. Eero Grundstr\u00f6m, Sara Puljula.<\/p>\n<p>Eero Grundstr\u00f6m: harmooni<br \/>\nAnne-Mari Kivim\u00e4ki: haitari<br \/>\nEmilia Lajunen: viulu<br \/>\nSara Puljula: kontrabasso<\/p>\n<p><strong>6. Saaristolaissottiisi<\/strong><\/p>\n<audio class=\"wp-audio-shortcode\" id=\"audio-1085-2\" preload=\"none\" style=\"width: 100%;\" controls=\"controls\"><source type=\"audio\/mpeg\" src=\"https:\/\/etno.net\/wp-content\/uploads\/2020\/10\/etn_fcd_038_038_sou_006_prv.mp3?_=2\" \/><a href=\"https:\/\/etno.net\/wp-content\/uploads\/2020\/10\/etn_fcd_038_038_sou_006_prv.mp3\">https:\/\/etno.net\/wp-content\/uploads\/2020\/10\/etn_fcd_038_038_sou_006_prv.mp3<\/a><\/audio>\n<p>S\u00e4v. Topi Korhonen, sov. Anne-Mari Kivim\u00e4ki, Topi Korhonen, Lassi Logr\u00e9n.<\/p>\n<p>Roope Aarnio: laulu<br \/>\nEero Grundstr\u00f6m: harmooni, laulu<br \/>\nTuukka Haapaniemi: laulu<br \/>\nAnne-Mari Kivim\u00e4ki: haitari<br \/>\nTopi Korhonen: laulu<br \/>\nEmilia Lajunen: viulu<br \/>\nTuomas Logr\u00e9n: laulu<br \/>\nSara Puljula: kontrabasso<\/p>\n<p><strong>7. Vastarakki<\/strong><\/p>\n<audio class=\"wp-audio-shortcode\" id=\"audio-1085-3\" preload=\"none\" style=\"width: 100%;\" controls=\"controls\"><source type=\"audio\/mpeg\" src=\"https:\/\/etno.net\/wp-content\/uploads\/2020\/10\/etn_fcd_038_038_sou_007_prv.mp3?_=3\" \/><a href=\"https:\/\/etno.net\/wp-content\/uploads\/2020\/10\/etn_fcd_038_038_sou_007_prv.mp3\">https:\/\/etno.net\/wp-content\/uploads\/2020\/10\/etn_fcd_038_038_sou_007_prv.mp3<\/a><\/audio>\n<p>S\u00e4v. Sara Puljula, sov. Sara Puljula.<\/p>\n<p>Eero Grundstr\u00f6m: harmooni<br \/>\nAnne-Mari Kivim\u00e4ki: haitari<br \/>\nEmilia Lajunen: viulu<br \/>\nSara Puljula: kontrabasso<br \/>\nMeri Tiitola: laulu<\/p>\n<p><strong>8. Viuhu-Vilma<\/strong><br \/>\nS\u00e4v. Anne-Mari Kivim\u00e4ki, sov. Eero Grundstr\u00f6m, Anne-Mari Kivim\u00e4ki.<\/p>\n<p>Eero Grundstr\u00f6m: harmooni<br \/>\nAnne-Mari Kivim\u00e4ki: haitari<br \/>\nEmilia Lajunen: viulu<br \/>\nSara Puljula: tamburiini<\/p>\n<p><strong>9. Jepuan marssi<\/strong><br \/>\nS\u00e4v. trad., sov. Eero Grundstr\u00f6m, Anne-Mari Kivim\u00e4ki, Emilia Lajunen, Sara Puljula.<\/p>\n<p>Eero Grundstr\u00f6m: harmooni<br \/>\nAnne-Mari Kivim\u00e4ki: haitari<br \/>\nEmilia Lajunen: viulu<br \/>\nSara Puljula: kontrabasso<\/p>\n<p><strong>10. Siriuksen lapset<\/strong><br \/>\nS\u00e4v. Sara Puljula, sov. Eero Grundstr\u00f6m, Sara Puljula.<\/p>\n<p>Eero Grundstr\u00f6m: syntetisaattori<br \/>\nAnne-Mari Kivim\u00e4ki: haitari<br \/>\nEmilia Lajunen: viulu<br \/>\nSara Puljula: kontrabasso<\/p>\n","protected":false},"excerpt":{"rendered":"<p>Kaahujen aivoitukset, Vastarakin ja Kamelin salaretket saaristossa, hiidenkirnunviile\u00e4 kes\u00e4ilta Siriuksella&#8230;<\/p>\n<p>Yhtye on valittu YLE:n Vuoden Yhtyeeksi 1995, Kaustisen Vuoden Yhtyeeksi 1996 ja on voittanut Jorma Panulan Kriuhnaasun 2000.<\/p>","protected":false},"featured_media":1086,"comment_status":"closed","ping_status":"closed","template":"","meta":{"_acf_changed":false},"product_brand":[],"product_cat":[65],"product_tag":[],"class_list":{"0":"post-1085","1":"product","2":"type-product","3":"status-publish","4":"has-post-thumbnail","6":"product_cat-aanitteet","8":"first","9":"instock","10":"shipping-taxable","11":"product-type-simple"},"acf":[],"_links":{"self":[{"href":"https:\/\/etno.net\/en\/wp-json\/wp\/v2\/product\/1085","targetHints":{"allow":["GET"]}}],"collection":[{"href":"https:\/\/etno.net\/en\/wp-json\/wp\/v2\/product"}],"about":[{"href":"https:\/\/etno.net\/en\/wp-json\/wp\/v2\/types\/product"}],"replies":[{"embeddable":true,"href":"https:\/\/etno.net\/en\/wp-json\/wp\/v2\/comments?post=1085"}],"wp:featuredmedia":[{"embeddable":true,"href":"https:\/\/etno.net\/en\/wp-json\/wp\/v2\/media\/1086"}],"wp:attachment":[{"href":"https:\/\/etno.net\/en\/wp-json\/wp\/v2\/media?parent=1085"}],"wp:term":[{"taxonomy":"product_brand","embeddable":true,"href":"https:\/\/etno.net\/en\/wp-json\/wp\/v2\/product_brand?post=1085"},{"taxonomy":"product_cat","embeddable":true,"href":"https:\/\/etno.net\/en\/wp-json\/wp\/v2\/product_cat?post=1085"},{"taxonomy":"product_tag","embeddable":true,"href":"https:\/\/etno.net\/en\/wp-json\/wp\/v2\/product_tag?post=1085"}],"curies":[{"name":"wp","href":"https:\/\/api.w.org\/{rel}","templated":true}]}}