{"id":1152,"date":"2020-11-04T12:58:51","date_gmt":"2020-11-04T10:58:51","guid":{"rendered":"https:\/\/etno.net\/?post_type=product&#038;p=1152"},"modified":"2020-11-04T12:58:51","modified_gmt":"2020-11-04T10:58:51","slug":"merja-ikkela-puuvareja","status":"publish","type":"product","link":"https:\/\/etno.net\/en\/julkaisu\/aanitteet\/merja-ikkela-puuvareja","title":{"rendered":"Merja Ikkel\u00e4: Puuv\u00e4rej\u00e4"},"content":{"rendered":"<p><strong>1. Jokap\u00e4iv\u00e4inen leip\u00e4<\/strong><br \/>\nS\u00e4v. Merja Ikkel\u00e4, san. Marja Kurkela, sov. Merja Ikkel\u00e4.<\/p>\n<p>Eva Alkula: konserttikantele<br \/>\nMarion G\u00f6bel: sello<br \/>\nSanna Kurki-Suonio: laulu<br \/>\nEmilia Lajunen: avainviulu<br \/>\nSara Puljula: kontrabasso, perkussiot<\/p>\n<p><strong>2. Itken pois ihanat silm\u00e4t<\/strong><br \/>\nS\u00e4v. Merja Ikkel\u00e4, san. Kanteletar, sov. Merja Ikkel\u00e4.<\/p>\n<p>Eva Alkula: konserttikantele<br \/>\nKari Kilpel\u00e4inen: s\u00e4hk\u00f6kitara<br \/>\nSanna Kurki-Suonio: laulu<br \/>\nPentti Lahti: saksofonit<br \/>\nSara Puljula: kontrabasso, perkussiot<\/p>\n<p><strong>3. Herraherkku<\/strong><br \/>\nS\u00e4v. Merja Ikkel\u00e4, san. Merja Ikkel\u00e4, sov. Merja Ikkel\u00e4.<\/p>\n<p>Marion G\u00f6bel: sello<br \/>\nMerja Ikkel\u00e4: harmonikka<br \/>\nSanna Kurki-Suonio: laulu<br \/>\nEmilia Lajunen: avainviulu<br \/>\nSara Puljula: kontrabasso, perkussiot<\/p>\n<p><strong>4. K\u00e4sikk\u00e4in<\/strong><br \/>\nS\u00e4v. Merja Ikkel\u00e4, san. Marja Kurkela, sov. Merja Ikkel\u00e4.<\/p>\n<p>Eva Alkula: konserttikantele<br \/>\nMarion G\u00f6bel: sello<br \/>\nMerja Ikkel\u00e4: harmonikka<br \/>\nSanna Kurki-Suonio: laulu<\/p>\n<p><strong>5. Kataja ja koivu<\/strong><br \/>\nS\u00e4v. Merja Ikkel\u00e4, san. Marja Kurkela, sov. Merja Ikkel\u00e4.<\/p>\n<p>Eva Alkula: konserttikantele<br \/>\nKari Kilpel\u00e4inen: s\u00e4hk\u00f6kitara<br \/>\nSanna Kurki-Suonio: laulu<br \/>\nPentti Lahti: huilut, saksofonit<br \/>\nSara Puljula: kontrabasso, perkussiot<\/p>\n<p><strong>6. Mist\u00e4 tunnen tuhman<\/strong><br \/>\nS\u00e4v. Merja Ikkel\u00e4, san. Kanteletar, sov. Merja Ikkel\u00e4.<\/p>\n<p>Marion G\u00f6bel: sello<br \/>\nMerja Ikkel\u00e4: harmonikka<br \/>\nSanna Kurki-Suonio: laulu<br \/>\nEmilia Lajunen: avainviulu<br \/>\nSara Puljula: kontrabasso, perkussiot<\/p>\n<p><strong>7. Punainen historia<\/strong><br \/>\nS\u00e4v. Merja Ikkel\u00e4, san. Merja Ikkel\u00e4, sov. Merja Ikkel\u00e4.<\/p>\n<p>Eva Alkula: konserttikantele<br \/>\nKari Kilpel\u00e4inen: s\u00e4hk\u00f6kitara<br \/>\nSanna Kurki-Suonio: laulu<br \/>\nPentti Lahti: saksofonit<br \/>\nSara Puljula: kontrabasso, perkussiot<\/p>\n<p><strong>8. Laulan lasta nukkumahan<\/strong><br \/>\nS\u00e4v. Merja Ikkel\u00e4, san. Kanteletar, sov. Merja Ikkel\u00e4.<\/p>\n<p>Eva Alkula: konserttikantele<br \/>\nMarion G\u00f6bel: sello<br \/>\nSanna Kurki-Suonio: laulu<br \/>\nEmilia Lajunen: avainviulu<\/p>\n<p><strong>9. Tyhj\u00e4np\u00e4iv\u00e4inen<\/strong><br \/>\nS\u00e4v. Merja Ikkel\u00e4, san. Marja Kurkela, sov. Merja Ikkel\u00e4.<\/p>\n<p>Eva Alkula: konserttikantele<br \/>\nMarion G\u00f6bel: sello<br \/>\nSanna Kurki-Suonio: laulu<br \/>\nPentti Lahti: saksofonit<br \/>\nEmilia Lajunen: avainviulu<\/p>\n<p><strong>10. Puuv\u00e4rej\u00e4<\/strong><br \/>\nS\u00e4v. Merja Ikkel\u00e4, san. Marja Kurkela, sov. Merja Ikkel\u00e4.<\/p>\n<p>Eva Alkula: konserttikantele<br \/>\nMerja Ikkel\u00e4: harmonikka<br \/>\nSanna Kurki-Suonio: laulu<br \/>\nPentti Lahti: huilut<br \/>\nSara Puljula: kontrabasso, perkussiot<\/p>\n<p><strong>11. Tytt\u00f6 ja haitari<\/strong><br \/>\nS\u00e4v. Merja Ikkel\u00e4, san. Marja Kurkela, sov. Merja Ikkel\u00e4.<\/p>\n<p>Marion G\u00f6bel: sello<br \/>\nMerja Ikkel\u00e4: harmonikka<br \/>\nSanna Kurki-Suonio: laulu<\/p>\n<p><strong>12. Unen siivet<\/strong><br \/>\nS\u00e4v. Merja Ikkel\u00e4, san. Marja Kurkela, sov. Merja Ikkel\u00e4.<\/p>\n<p>Eva Alkula: konserttikantele<br \/>\nMarion G\u00f6bel: sello<br \/>\nSanna Kurki-Suonio: laulu<br \/>\nPentti Lahti: huilut, saksofonit<br \/>\nSara Puljula: perkussiot<\/p>\n<p><strong>13. Koivu ja t\u00e4hti<\/strong><br \/>\nS\u00e4v. Merja Ikkel\u00e4, san. Marja Kurkela, sov. Merja Ikkel\u00e4.<\/p>\n<p>Eva Alkula: konserttikantele<br \/>\nMarion G\u00f6bel: sello<br \/>\nSanna Kurki-Suonio: laulu<br \/>\nPentti Lahti: huilut<br \/>\nEmilia Lajunen: avainviulu<\/p>","protected":false},"excerpt":{"rendered":"<p>Allekirjoittaneen ja n\u00e4ytelm\u00e4kirjailija Marja Kurkelan vuosia kest\u00e4neen yhteisty\u00f6n tuloksena lauluja on syntynyt kymmenitt\u00e4in. Ne ovat syv\u00e4luotaavia, kantaaottavia, tavanomaisia normeja kyseenalaistavia ja jopa ter\u00e4v\u00e4n hauskoja. Kestokulutukseen tarkoitettujen laulujen sanat ja s\u00e4vel tukevat toisiaan sek\u00e4 yhteist\u00e4 p\u00e4\u00e4m\u00e4\u00e4r\u00e4\u00e4 kuin riemukaaren pylv\u00e4\u00e4t.<\/p>\n<p>Sanna Kurki-Suonio sanoi minulle kerran ehk\u00e4 leikill\u00e4\u00e4n, ett\u00e4 n\u00e4it\u00e4h\u00e4n pit\u00e4isi levytt\u00e4\u00e4! T\u00e4st\u00e4 tein vikkel\u00e4sti johtop\u00e4\u00e4t\u00f6ksen ja nopean siirron, ja niin seisoi Sanna pian mikrofonin \u00e4\u00e4ress\u00e4 studiossa! Onnistuin saamaan mukaan my\u00f6s parhaat muusikot ja ter\u00e4v\u00e4n tuottaja-\u00e4\u00e4nitt\u00e4j\u00e4 Hannu Oskalan. Kaikille levyn tekoon osallistuneille suuri kiitos loistavasta yhteisty\u00f6st\u00e4, kuten my\u00f6s Sibelius-Akatemian kansanmusiikkiosastolle ja Kaustisen Kansanmusiikki-instituutille. Kiitos Nina Nordinille kauniista kuvista!<\/p>\n<p><em>Merja Ikkel\u00e4<\/em><\/p>","protected":false},"featured_media":1153,"comment_status":"closed","ping_status":"closed","template":"","meta":{"_acf_changed":false},"product_brand":[],"product_cat":[65],"product_tag":[],"class_list":{"0":"post-1152","1":"product","2":"type-product","3":"status-publish","4":"has-post-thumbnail","6":"product_cat-aanitteet","8":"first","9":"instock","10":"shipping-taxable","11":"product-type-simple"},"acf":[],"_links":{"self":[{"href":"https:\/\/etno.net\/en\/wp-json\/wp\/v2\/product\/1152","targetHints":{"allow":["GET"]}}],"collection":[{"href":"https:\/\/etno.net\/en\/wp-json\/wp\/v2\/product"}],"about":[{"href":"https:\/\/etno.net\/en\/wp-json\/wp\/v2\/types\/product"}],"replies":[{"embeddable":true,"href":"https:\/\/etno.net\/en\/wp-json\/wp\/v2\/comments?post=1152"}],"wp:featuredmedia":[{"embeddable":true,"href":"https:\/\/etno.net\/en\/wp-json\/wp\/v2\/media\/1153"}],"wp:attachment":[{"href":"https:\/\/etno.net\/en\/wp-json\/wp\/v2\/media?parent=1152"}],"wp:term":[{"taxonomy":"product_brand","embeddable":true,"href":"https:\/\/etno.net\/en\/wp-json\/wp\/v2\/product_brand?post=1152"},{"taxonomy":"product_cat","embeddable":true,"href":"https:\/\/etno.net\/en\/wp-json\/wp\/v2\/product_cat?post=1152"},{"taxonomy":"product_tag","embeddable":true,"href":"https:\/\/etno.net\/en\/wp-json\/wp\/v2\/product_tag?post=1152"}],"curies":[{"name":"wp","href":"https:\/\/api.w.org\/{rel}","templated":true}]}}