{"id":1567,"date":"2020-12-16T16:14:54","date_gmt":"2020-12-16T14:14:54","guid":{"rendered":"https:\/\/etno.net\/?post_type=product&#038;p=1567"},"modified":"2021-12-21T14:46:04","modified_gmt":"2021-12-21T12:46:04","slug":"minna-padilla-the-helsinki-koto-ensemble-ilta-vuorella","status":"publish","type":"product","link":"https:\/\/etno.net\/en\/julkaisu\/aanitteet\/minna-padilla-the-helsinki-koto-ensemble-ilta-vuorella","title":{"rendered":"Minna Padilla &amp; The Helsinki Koto Ensemble: Ilta vuorella"},"content":{"rendered":"<p><strong>1. Ilta vuorella<\/strong><\/p>\n<!--[if lt IE 9]><script>document.createElement('audio');<\/script><![endif]-->\n<audio class=\"wp-audio-shortcode\" id=\"audio-1567-1\" preload=\"none\" style=\"width: 100%;\" controls=\"controls\"><source type=\"audio\/mpeg\" src=\"https:\/\/etno.net\/wp-content\/uploads\/2020\/12\/etn_fcd_071_071_sou_001_prv.mp3?_=1\" \/><a href=\"https:\/\/etno.net\/wp-content\/uploads\/2020\/12\/etn_fcd_071_071_sou_001_prv.mp3\">https:\/\/etno.net\/wp-content\/uploads\/2020\/12\/etn_fcd_071_071_sou_001_prv.mp3<\/a><\/audio>\n<p>S\u00e4v. Minna Padilla, san. Jakuren \/ Kai Nieminen, sov. Kristiina Ilmonen, Mirja M\u00e4kel\u00e4, Minna Padilla.<\/p>\n<p>Jakurenin runon ajatus alkoi kiinnostaa minua ja l\u00e4hdin etsim\u00e4\u00e4n alakuloisuuden v\u00e4rej\u00e4 musiikista talvella 2005. Ajattelin, ett\u00e4 jos alakuloisuus on jonkin v\u00e4rist\u00e4, se on ehk\u00e4 enemm\u00e4nkin sentimentaalisuutta, luopumisen kauneutta, kuin musertavaa surua.<\/p>\n<p>Senni Eskelinen: kantele<br \/>\nKristiina Ilmonen: huilu<br \/>\nOlli Kari: haitari<br \/>\nMirja M\u00e4kel\u00e4: laulu<br \/>\nMinna Padilla: 13-kielinen koto<br \/>\nPasi Ry\u00f6kkynen: s\u00e4hk\u00f6basso<\/p>\n<p><strong>2. Ajatus suudelman keveydest\u00e4<\/strong><br \/>\nS\u00e4v. Minna Padilla, san. Ono no Komachi \/ Kai Nieminen, sov. Mirja M\u00e4kel\u00e4, Minna Padilla.<\/p>\n<p>S\u00e4velsin t\u00e4m\u00e4n kappaleen kotolle ja laululle yst\u00e4v\u00e4ni h\u00e4ihin helmikuussa 2005. Laulun sanat ovat Japanissa 800-luvulla el\u00e4neen kaunottaren Ono no Komachin runosta.<\/p>\n<p>Mirja M\u00e4kel\u00e4: laulu<br \/>\nMinna Padilla: 13-kielinen koto<\/p>\n<p><strong>3. Koto 2003<\/strong><br \/>\nS\u00e4v. Minna Padilla, sov. Senni Eskelinen, Kristiina Ilmonen, Olli Kari, Minna Padilla, Pasi Ry\u00f6kkynen.<\/p>\n<p>Tulikipunoita takkatulen loimussa. T\u00e4st\u00e4 ajatuksesta sai vuonna 2003 alkunsa kappaleen intro, jossa 5-kielisi\u00e4 kanteleita soitetaan jousilla. Yksivuotiaana poikani Pietari keksi kanssani tavan soittaa kotoa lyijykynill\u00e4, mist\u00e4 t\u00e4m\u00e4n kappaleen teemat kehittyiv\u00e4t.<\/p>\n<p>Senni Eskelinen: kantele<br \/>\nKristiina Ilmonen: perkussiot, 5-kielinen kantele<br \/>\nOlli Kari: haitari, 5-kielinen kantele<br \/>\nMirja M\u00e4kel\u00e4: 5-kielinen kantele<br \/>\nMinna Padilla: 13-kielinen koto, 5-kielinen kantele<br \/>\nPasi Ry\u00f6kkynen: s\u00e4hk\u00f6basso, 5-kielinen kantele<\/p>\n<p><strong>4. Ensilumi<\/strong><\/p>\n<audio class=\"wp-audio-shortcode\" id=\"audio-1567-2\" preload=\"none\" style=\"width: 100%;\" controls=\"controls\"><source type=\"audio\/mpeg\" src=\"https:\/\/etno.net\/wp-content\/uploads\/2020\/12\/etn_fcd_071_071_sou_004_prv_96kbs.mp3?_=2\" \/><a href=\"https:\/\/etno.net\/wp-content\/uploads\/2020\/12\/etn_fcd_071_071_sou_004_prv_96kbs.mp3\">https:\/\/etno.net\/wp-content\/uploads\/2020\/12\/etn_fcd_071_071_sou_004_prv_96kbs.mp3<\/a><\/audio>\n<p>S\u00e4v. Minna Padilla, san. Basho, Issa, Kito, G. J. Ramstedt, Sampu, Seibi, Shiki, sov. Senni Eskelinen, Kristiina Ilmonen, Olli Kari, Mirja M\u00e4kel\u00e4, Minna Padilla, Pasi Ry\u00f6kkynen.<\/p>\n<p>Ensilumen kauneus puiden oksilla inspiroi t\u00e4m\u00e4n kappaleen synnyn Kauhavalla talvella 2005. Runot ovat haikuja Basholta, Sampulta, Kitolta, Issalta, Shikilt\u00e4 ja Seibilt\u00e4 G.J.Ramstedtin k\u00e4\u00e4nn\u00f6ksin\u00e4.<\/p>\n<p>Senni Eskelinen: kantele<br \/>\nKristiina Ilmonen: perkussiot, pitk\u00e4huilu<br \/>\nOlli Kari: haitari<br \/>\nMirja M\u00e4kel\u00e4: laulu<br \/>\nMinna Padilla: 13-kielinen koto<br \/>\nPasi Ry\u00f6kkynen: s\u00e4hk\u00f6basso<\/p>\n<p><strong>5. Iniko<\/strong><br \/>\nS\u00e4v. Minna Padilla, sov. Kristiina Ilmonen, Olli Kari, Mirja M\u00e4kel\u00e4, Minna Padilla, Pasi Ry\u00f6kkynen.<\/p>\n<p>Iniko on nigerialainen nimi, joka tarkoittaa: syntynyt vaikeina aikoina. Ihmisell\u00e4 on h\u00e4mm\u00e4stytt\u00e4v\u00e4 kyky selvit\u00e4 \u00e4\u00e4rimm\u00e4isist\u00e4 tilanteista ja jatkaa eteenp\u00e4in. Kun kaikki on rikki, ei voi muuta kuin tanssia. Luoda jotain kaunista s\u00e4rkyneen p\u00e4\u00e4lle. Iniko on s\u00e4velletty 2003.<\/p>\n<p>Senni Eskelinen: kantele<br \/>\nKristiina Ilmonen: huilu<br \/>\nOlli Kari: haitari<br \/>\nMinna Padilla: 13-kielinen koto<br \/>\nPasi Ry\u00f6kkynen: kontrabasso<\/p>\n<p><strong>6. Maanittelua<\/strong><br \/>\nS\u00e4v. Minna Padilla, sov. Olli Kari, Minna Padilla, Pasi Ry\u00f6kkynen.<\/p>\n<p>Maanittelua syntyi vuonna 2000 koton, basson ja haitarin vuoropuheluksi. Kappale on joka esityskerralla hieman erilainen soittajien improvisoidessa soolonsa. T\u00e4m\u00e4 versio on tallentunut Kallio-Kuninkalan studiossa, entisen navetan ylisill\u00e4.<\/p>\n<p>Olli Kari: haitari<br \/>\nMinna Padilla: 13-kielinen koto<br \/>\nPasi Ry\u00f6kkynen: s\u00e4hk\u00f6basso<\/p>\n<p><strong>7. Kanjiki<\/strong><\/p>\n<audio class=\"wp-audio-shortcode\" id=\"audio-1567-3\" preload=\"none\" style=\"width: 100%;\" controls=\"controls\"><source type=\"audio\/mpeg\" src=\"https:\/\/etno.net\/wp-content\/uploads\/2020\/12\/etn_fcd_071_071_sou_007_prv.mp3?_=3\" \/><a href=\"https:\/\/etno.net\/wp-content\/uploads\/2020\/12\/etn_fcd_071_071_sou_007_prv.mp3\">https:\/\/etno.net\/wp-content\/uploads\/2020\/12\/etn_fcd_071_071_sou_007_prv.mp3<\/a><\/audio>\n<p>S\u00e4v. Minna Padilla, sov. Senni Eskelinen, Minna Padilla.<\/p>\n<p>Kanjiki (Lumikenk\u00e4) on ensimm\u00e4inen kotolle ja kanteleelle tekem\u00e4ni s\u00e4vellys vuodelta 1998. \u00d6isen t\u00e4htitaivaan tunnelmia lumisella hangella.<\/p>\n<p>Senni Eskelinen: kantele<br \/>\nMinna Padilla: 13-kielinen koto<\/p>\n<p><strong>8. Lehtipiilo<\/strong><br \/>\nS\u00e4v. Minna Padilla, san. Saighyo Hoshi \/ G. J. Ramstedt, sov. Senni Eskelinen, Kristiina Ilmonen, Olli Kari, Mirja M\u00e4kel\u00e4, Minna Padilla, Pasi Ry\u00f6kkynen.<\/p>\n<p>Senni Eskelinen: kantele, taustalaulu<br \/>\nKristiina Ilmonen: perkussiot, taustalaulu<br \/>\nOlli Kari: haitari, taustalaulu<br \/>\nMirja M\u00e4kel\u00e4: laulu, taustalaulu<br \/>\nMinna Padilla: 13-kielinen koto, taustalaulu<br \/>\nPasi Ry\u00f6kkynen: s\u00e4hk\u00f6basso, taustalaulu<\/p>\n<p><strong>9. Viljan unilaulu<\/strong><br \/>\nS\u00e4v. Minna Padilla, sov. Senni Eskelinen, Kristiina Ilmonen, Olli Kari, Mirja M\u00e4kel\u00e4, Minna Padilla, Pasi Ry\u00f6kkynen.<\/p>\n<p>Yst\u00e4v\u00e4ni vauvan risti\u00e4isiin joulukuussa 2005 tehty s\u00e4vellys.<\/p>\n<p>Senni Eskelinen: kantele<br \/>\nKristiina Ilmonen: kellopeli<br \/>\nOlli Kari: haitari<br \/>\nMirja M\u00e4kel\u00e4: laulu<br \/>\nMinna Padilla: 13-kielinen koto<br \/>\nPasi Ry\u00f6kkynen: kontrabasso<\/p>\n","protected":false},"excerpt":{"rendered":"<div class=\"field field-name-body field-type-text-with-summary field-label-hidden\">\n<div class=\"field-items\">\n<div class=\"field-item even\">\n<p>The Helsinki Koto Ensemblen musiikissa voi kuulla vaikutteita sek\u00e4 suomalaisesta kansanmusiikista, ett\u00e4 japanilaisen koton soiton traditiosta. Minna Padillan herkiss\u00e4 s\u00e4vellyksiss\u00e4 kantele ja koto t\u00e4ydent\u00e4v\u00e4t toisiaan. Kuuden muusikon erilaiset taustat tuovat soittoon s\u00e4vyj\u00e4 kansanmusiikista, jazzista ja rock\/popmusiikista. Sovituksiin on j\u00e4tetty tilaa improvisoinnille ja muuntelulle. Vuonna 2003 perustetun yhtyeen soundi on omintakeinen synteesi erilaisten musiikillisten maailmojen parhaista puolista.<\/p>\n<p>Minna Padilla on opiskellut perinteist\u00e4 13\u0096kielisen koton soittoa Japanissa, mutta k\u00e4ytt\u00e4\u00e4 musiikissaan my\u00f6s itse kehitt\u00e4mi\u00e4\u00e4n uusia soittotekniikoita. Japanilaiset runot 800-1800-luvuilta Kai Niemisen ja G.J.Ramstedtin k\u00e4\u00e4nn\u00f6ksin\u00e4 antavat oman tunnelmansa lauluihin. Suomalainen luonto ja koton intiimi mutta vahva \u00e4\u00e4nenv\u00e4ri ovat olleet inspiraation l\u00e4hteen\u00e4 Minna Padillan s\u00e4vellyksille, jotka ovat syntyneet vuosina 1998-2006.<\/p>\n<\/div>\n<\/div>\n<\/div>\n<div class=\"field field-name-field-kamucd-kuv-kirjoittaja field-type-text field-label-hidden\">\n<div class=\"field-items\">\n<div class=\"field-item even\"><em>Minna Padilla, Kristiina Ilmonen<\/em><\/div>\n<\/div>\n<\/div>\n<div><\/div>\n<div>Tuottaja: Minna Padilla<br \/>\n\u00c4\u00e4nitys: Taito Hoffr\u00e9n<br \/>\n\u00c4\u00e4nitt\u00e4j\u00e4assistentit: Kalle Vanhapelto<br \/>\nMiksaus: Taito Hoffr\u00e9n, \u00c4\u00e4ni\u00e4, Minna Padilla, Kristiina Ilmonen<br \/>\nMasterointi: Svante Forsb\u00e4ck, Chartmakers Oy<\/div>","protected":false},"featured_media":1571,"comment_status":"closed","ping_status":"closed","template":"","meta":{"_acf_changed":false},"product_brand":[],"product_cat":[65],"product_tag":[],"class_list":{"0":"post-1567","1":"product","2":"type-product","3":"status-publish","4":"has-post-thumbnail","6":"product_cat-aanitteet","8":"first","9":"instock","10":"shipping-taxable","11":"product-type-simple"},"acf":[],"_links":{"self":[{"href":"https:\/\/etno.net\/en\/wp-json\/wp\/v2\/product\/1567","targetHints":{"allow":["GET"]}}],"collection":[{"href":"https:\/\/etno.net\/en\/wp-json\/wp\/v2\/product"}],"about":[{"href":"https:\/\/etno.net\/en\/wp-json\/wp\/v2\/types\/product"}],"replies":[{"embeddable":true,"href":"https:\/\/etno.net\/en\/wp-json\/wp\/v2\/comments?post=1567"}],"wp:featuredmedia":[{"embeddable":true,"href":"https:\/\/etno.net\/en\/wp-json\/wp\/v2\/media\/1571"}],"wp:attachment":[{"href":"https:\/\/etno.net\/en\/wp-json\/wp\/v2\/media?parent=1567"}],"wp:term":[{"taxonomy":"product_brand","embeddable":true,"href":"https:\/\/etno.net\/en\/wp-json\/wp\/v2\/product_brand?post=1567"},{"taxonomy":"product_cat","embeddable":true,"href":"https:\/\/etno.net\/en\/wp-json\/wp\/v2\/product_cat?post=1567"},{"taxonomy":"product_tag","embeddable":true,"href":"https:\/\/etno.net\/en\/wp-json\/wp\/v2\/product_tag?post=1567"}],"curies":[{"name":"wp","href":"https:\/\/api.w.org\/{rel}","templated":true}]}}