{"id":2533,"date":"2021-03-08T10:20:31","date_gmt":"2021-03-08T08:20:31","guid":{"rendered":"https:\/\/etno.net\/?post_type=product&#038;p=2533"},"modified":"2021-03-08T10:20:31","modified_gmt":"2021-03-08T08:20:31","slug":"oksanreikia-lauluntekijan-lautatarhalla","status":"publish","type":"product","link":"https:\/\/etno.net\/en\/julkaisu\/opinnaytteet\/maisteriopinnot\/oksanreikia-lauluntekijan-lautatarhalla","title":{"rendered":"Oksanreiki\u00e4 &#8211; lauluntekij\u00e4n lautatarhalla"},"content":{"rendered":"<h2>Aluksi<\/h2>\n<blockquote><p>&#8221;Siemenell\u00e4 on salaisuus<br \/>\nja se on<br \/>\nett\u00e4 se it\u00e4\u00e4 tai ei&#8221;<\/p>\n<p>(siemen)<\/p><\/blockquote>\n<p>Normaaleilla ihmisill\u00e4 on kanava, jonka kautta he ilmaisevat itse\u00e4\u00e4n ja k\u00e4sittelev\u00e4t itselleen problemaattisia aiheita. On sama, purkautuuko ihmisyyden tarkastelu ja el\u00e4m\u00e4n merkitysten etsint\u00e4 tanssimisena, kokkauksena vai k\u00e4sit\u00f6in\u00e4, mutta jollain tapaa sen on toteuduttava.<\/p>\n<p>Minun on teht\u00e4v\u00e4 kappaleita. Pakko. Kysymyksess\u00e4 ei oikeastaan ole tietoinen ja harkittu kappaleiden s\u00e4velt\u00e4minen, vaan niiden syntyminen. Rauhassa, itsekseen kypsym\u00e4ll\u00e4, aivojeni sekavissa kiemuroissa. Jonain p\u00e4iv\u00e4n\u00e4 laulu on valmis syntym\u00e4\u00e4n, tulemaan minulle melkein valmiina ja ehyen\u00e4.<\/p>\n<p>Kappaleiden tekeminen on minun tapani hahmottaa arkea, maailmaa, tunteitani ja ihmisyytt\u00e4. Yleis\u00f6n eteen vietyin\u00e4 kappaleeni opettavat minulle my\u00f6s monimutkaista suhtautumista kieleen ja sen v\u00e4litt\u00e4miin viesteihin sek\u00e4 musiikkiin ja sen synnytt\u00e4miin tunteisiin. Yleis\u00f6n lauluni saavat vastakappaleensa: monet tulkinnat kappaleideni sis\u00e4ll\u00f6st\u00e4 ja niiden her\u00e4tt\u00e4m\u00e4t tunteet opettavat minulle ihmisen\u00e4 olemisen monimuotoisuutta ja rehev\u00e4\u00e4 kirjavuutta. En omista tunteitani, vaan ne ovat osa yhteist\u00e4 yleismaailmallista ihmisyytt\u00e4 ja kokemuspiiri\u00e4. Samassa mieless\u00e4 en my\u00f6sk\u00e4\u00e4n omista laulujani.<\/p>\n<p>Yleis\u00f6 pakottaa minut ymm\u00e4rt\u00e4m\u00e4\u00e4n vastuuni omista lauluistani. Minun on tiedett\u00e4v\u00e4, ett\u00e4 traagisimmat lauluni saattavat aiheuttaa kuulijoissa voimakkaitakin reaktioita. Samoin minun on muistettava, ett\u00e4 kepeimm\u00e4tkin kappaleeni saattavat jonkun korvissa saada monimutkaisen traagisia s\u00e4vyj\u00e4. Sattuupa usein niinkin, ett\u00e4 itse\u00e4ni liikuttava &#8211; minulle l\u00e4heinen, t\u00e4rke\u00e4 ja koskettava &#8211; ei uppoakaan yleis\u00f6\u00f6n toivomallani tavalla. T\u00e4m\u00e4 vastaanottamisen monimutkaisuus johtuu luonnollisestikin siit\u00e4, etten voi mill\u00e4\u00e4n arvioida tai ennakoida yleis\u00f6n kantamaa tunteiden ja kokemusten taakkaa. T\u00e4ss\u00e4 mieless\u00e4 my\u00f6s kaikenlainen laskelmointi on mahdotonta.<\/p>\n<p>Toisaalta en voi ottaa vastuuta yleis\u00f6st\u00e4 yksil\u00f6in\u00e4. Ajattelen pikemminkin, ett\u00e4 minun on kannettava vastuu lauluistani suhtautumalla niihin vakavasti. Kepe\u00e4ll\u00e4 suhtautumisella ja omien tuotteideni v\u00e4h\u00e4ttelyll\u00e4 asettaisin tietyn yleis\u00f6n osan, sen jota kappaleeni koskettavat, liian ristiriitaiseen tilanteeseen. Ei n\u00e4es ole tavatonta, ett\u00e4 omasta mielest\u00e4ni sis\u00e4ll\u00f6lt\u00e4\u00e4n kepe\u00e4 tai per\u00e4ti \u00e4lyt\u00f6n kappale kiilt\u00e4\u00e4 livetilanteessa kyyneleen\u00e4 jonkun kuulijan silm\u00e4kulmassa.<\/p>\n<p>Vaikka t\u00e4ss\u00e4 kirjoitelmassani paneudunkin t\u00e4ysin toimenkuvaani lauluntekij\u00e4n\u00e4 ja erityisesti tekstin tekemiseen, on minulle eritt\u00e4in t\u00e4rke\u00e4\u00e4 se, ett\u00e4 esit\u00e4n itse kaikki kappaleeni. Voisin luultavasti eritt\u00e4in huonosti kuunnellessani omia laulujani jonkun muun laulamana. Ne ovat liian henkil\u00f6kohtaisia ja liian intiimej\u00e4 tarjottavaksi esitett\u00e4v\u00e4ksi kellek\u00e4\u00e4n muulle. Ne ovat <em>minun<\/em> kappaleitani ja suhtaudun niihin \u00e4idin ylpeydell\u00e4. Mutta olen niille huono \u00e4iti: alan vartioida niit\u00e4 mustasukkaisesti enk\u00e4 meinaa mill\u00e4\u00e4n p\u00e4\u00e4st\u00e4\u00e4 niit\u00e4 lentoon maailmalle, omaa el\u00e4m\u00e4\u00e4ns\u00e4 el\u00e4m\u00e4\u00e4n.<\/p>\n<p>Vonkale-duo, jossa Pauliina Kauhanen soittaa kanteleita ja laulaa v\u00e4lill\u00e4 stemmoja ja itse laulan, on ollut \u00e4\u00e4rimm\u00e4isen t\u00e4rke\u00e4 omalle kasvulleni muusikkona ja lauluntekij\u00e4n\u00e4. Vonkaleen saama hyv\u00e4ksyv\u00e4 vastaanotto on kasvattanut radikaalisti itsetuntoani ja luottamusta omiin tekeleisiini. duo on toiminut sopivana taistelutantereena minulle ja kappaleilleni sek\u00e4 hyvin tuuletettuna koekeitti\u00f6n\u00e4 kaikenlaisille kummillekin ideoille. Lis\u00e4ksi Pauliinan kansanmuusikkous ja kanssaihmisyys, puhumattakaan kanssakasvamisesta on ollut t\u00e4rke\u00e4\u00e4 sek\u00e4 minulle ett\u00e4 lauluilleni. Kappaleideni vahvojen henkil\u00f6kohtaisten ajatusten jakaminen on my\u00f6s kasvattanut v\u00e4lillemme vankkumattoman yst\u00e4vyyden.<\/p>\n<p>Levy, jonka pian, kev\u00e4\u00e4ll\u00e4 2004, ponnistamme ihmisten ilmoille, on meille, Vonkaleelle, yhteinen ilon aihe: olemme vuosia tehneet kaksikkona t\u00f6it\u00e4 tehd\u00e4ksemme levyn mahdolliseksi. Toivomme tietenkin, ett\u00e4 se saisi vankkaa suosiota, edes v\u00e4h\u00e4n radiosoittoa ja toisi meille joitain keikkoja tai ty\u00f6tilaisuuksia. Ja toki toivomme, ett\u00e4 meist\u00e4 ja meid\u00e4n edustamastamme musiikinlajista kiinnostuttaisiin levymme my\u00f6t\u00e4 entist\u00e4 enemm\u00e4n. Vaikka on tietysti tunnustettava sekin, ett\u00e4 uskon minulle lauluntekij\u00e4n\u00e4 ja tietysti my\u00f6s Pauliinalle muusikkona tuovan tietynlaista vakuuttavuutta omien laulujen ja soitteiden ikuistaminen \u00e4\u00e4nitteelle sek\u00e4 sen yleis\u00f6n k\u00e4sille saattaminen.<\/p>","protected":false},"excerpt":{"rendered":"<p>Projektity\u00f6<br \/>\nTaideyliopiston Sibelius-Akatemia<br \/>\nKansanmusiikin aineryhm\u00e4<br \/>\n2003<\/p>","protected":false},"featured_media":0,"comment_status":"closed","ping_status":"closed","template":"","meta":{"_acf_changed":false},"product_brand":[],"product_cat":[81,76],"product_tag":[],"class_list":{"0":"post-2533","1":"product","2":"type-product","3":"status-publish","5":"product_cat-maisteriopinnot","6":"product_cat-opinnaytteet","8":"first","9":"instock","10":"shipping-taxable","11":"product-type-simple"},"acf":[],"_links":{"self":[{"href":"https:\/\/etno.net\/en\/wp-json\/wp\/v2\/product\/2533","targetHints":{"allow":["GET"]}}],"collection":[{"href":"https:\/\/etno.net\/en\/wp-json\/wp\/v2\/product"}],"about":[{"href":"https:\/\/etno.net\/en\/wp-json\/wp\/v2\/types\/product"}],"replies":[{"embeddable":true,"href":"https:\/\/etno.net\/en\/wp-json\/wp\/v2\/comments?post=2533"}],"wp:attachment":[{"href":"https:\/\/etno.net\/en\/wp-json\/wp\/v2\/media?parent=2533"}],"wp:term":[{"taxonomy":"product_brand","embeddable":true,"href":"https:\/\/etno.net\/en\/wp-json\/wp\/v2\/product_brand?post=2533"},{"taxonomy":"product_cat","embeddable":true,"href":"https:\/\/etno.net\/en\/wp-json\/wp\/v2\/product_cat?post=2533"},{"taxonomy":"product_tag","embeddable":true,"href":"https:\/\/etno.net\/en\/wp-json\/wp\/v2\/product_tag?post=2533"}],"curies":[{"name":"wp","href":"https:\/\/api.w.org\/{rel}","templated":true}]}}