{"id":2870,"date":"2021-04-13T23:24:23","date_gmt":"2021-04-13T21:24:23","guid":{"rendered":"https:\/\/etno.net\/?post_type=product&#038;p=2870"},"modified":"2021-05-23T11:04:17","modified_gmt":"2021-05-23T09:04:17","slug":"sielun-syvyyksista-soolokonsertin-tyostaminen-improvisaation-kirjoittamisen-ja-kuvien-avulla","status":"publish","type":"product","link":"https:\/\/etno.net\/en\/julkaisu\/opinnaytteet\/maisteriopinnot\/sielun-syvyyksista-soolokonsertin-tyostaminen-improvisaation-kirjoittamisen-ja-kuvien-avulla","title":{"rendered":"Sielun syvyyksist\u00e4 &#8211; Soolokonsertin ty\u00f6st\u00e4minen improvisaation, kirjoittamisen ja kuvien avulla"},"content":{"rendered":"<p>Projektity\u00f6<br \/>\nKansanmusiikin aineryhm\u00e4<br \/>\nTaideyliopiston Sibelius-Akatemia<br \/>\n2019<\/p>\n<h2>Sis\u00e4llysluettelo<\/h2>\n<p><strong>1 Johdanto ja tavoite<\/strong><\/p>\n<p><strong>2 Ty\u00f6skentelytavat<\/strong><\/p>\n<p style=\"padding-left: 40px\">2.1 Improvisaatio<\/p>\n<p style=\"padding-left: 80px\">2.1.1 Maailman synty<\/p>\n<p style=\"padding-left: 40px\">2.2 Kirjoittaminen<\/p>\n<p style=\"padding-left: 80px\">2.2.1 Tekstej\u00e4<\/p>\n<p style=\"padding-left: 40px\">2.3 Kuvat ja videot<\/p>\n<p style=\"padding-left: 80px\">2.3.1 Ensimma\u0308inen kuvaussessio<br \/>\n2.3.2 Toinen kuvaussessio<br \/>\n2.3.3 Kolmas kuvaussessio<br \/>\n2.3.4 Nelja\u0308s kuvaussessio<br \/>\n2.3.5 Viides kuvaussessio<br \/>\n2.3.6 Kuvat konsertissa<br \/>\n2.3.7 Yhteenveto<\/p>\n<p><strong>3 Musiikista<\/strong><\/p>\n<p style=\"padding-left: 40px\">3.1 Kappaleet<\/p>\n<p><strong>4 Konsertti<\/strong><\/p>\n<p style=\"padding-left: 40px\">4.1 Kokonaisuus<br \/>\n4.2 J\u00e4lkipuinti<\/p>\n<p><strong>5 Yhteenveto<\/strong><\/p>\n<p><strong>6 Liitteet<\/strong><\/p>\n<p style=\"padding-left: 40px\">6.1 Laulujen sanat<br \/>\n6.2 Konserttitaltiointi<br \/>\n6.3 K\u00e4siohjelma<\/p>\n<p>&nbsp;<\/p>\n<p>&nbsp;<\/p>\n<h2>Johdanto ja tavoite<\/h2>\n<p>Mietin pitka\u0308a\u0308n sopivaa aihetta projektityo\u0308lleni. Aloitin tyo\u0308skentelyn parinkin aiheen parissa, mutta aihepiirit eiva\u0308t kuitenkaan tuntuneet oikeilta ja projektit ja\u0308iva\u0308t kesken. Toivoin lo\u0308yta\u0308va\u0308ni aiheen, joka koskettaisi itsea\u0308ni ja tuntuisi mielenkiintoiselta. Mielekka\u0308a\u0308n ja henkilo\u0308kohtaisen aiheen parissa tyo\u0308skentely vie mukanaan, ja siita\u0308 on oikeasti hyo\u0308tya\u0308. Maisterikonsertin la\u0308hestyessa\u0308 halusin yhdista\u0308a\u0308 konsertin ja projektityo\u0308n tekemisen. Tuntui ja\u0308rkeva\u0308lta\u0308 keskittya\u0308 yhteen asiaan ja tyo\u0308sta\u0308a\u0308 sita\u0308 eri kulmista. Na\u0308in molemmat isot kokonaisuudet hyo\u0308dytta\u0308isiva\u0308t toisiaan. Projektityo\u0308n na\u0308ko\u0308kulman lo\u0308ytyminen otti oman aikansa, kuten konsertin kokonaisuuden muodostuminenkin. Olin tyo\u0308skennellyt aiheen parissa jo hyva\u0308n aikaa, ennen kuin hahmotin, mita\u0308 olin tekema\u0308ssa\u0308.<\/p>\n<p>Maisterikonserttini oli tarkoitus olla marraskuussa 2019. Aloittaessani konsertin tyo\u0308sta\u0308misen syksylla\u0308 2018 ohjelmisto oli oikeastaan jo valmiina. Tosin en ollut varma, mita\u0308 kappaleita valitsen vai syntyyko\u0308 kenties jotain aivan uutta. Tiesin tekeva\u0308ni soolokonsertin, ja minua kiinnostivat liikkeen ja puheen yhdista\u0308minen musiikkiin, rytmikudokset, haitarin palkeenka\u0308yto\u0308n eri mahdollisuudet, performanssihenkisyys ja arkaainen estetiikka musiikissa. Toivoin keksiva\u0308ni konsertille jonkin teeman, jonka avulla luoda yhtena\u0308inen kokonaisuus ja tarina. En halunnut keikkamaista esiintymistilannetta spiikkeineen enka\u0308 esimerkiksi \u201dSatu Lankisen sa\u0308vellykset ja sovitukset\u201d-henkista\u0308 teemaa. Halusin lo\u0308yta\u0308a\u0308 jotain inspiroivaa musiikin sisa\u0308lta\u0308 ja tehda\u0308 matkaa ulkoisesta sisa\u0308iseen.<\/p>\n<p>Projektityo\u0308n tavoite oli konserttikokonaisuuden luominen. Ta\u0308rkeimma\u0308ksi tavoitteeksi ja na\u0308ko\u0308kulmaksi kiteytyi taustan ja teeman hakeminen konsertille seka\u0308 oman musiikin olemuksen syva\u0308llisempi ymma\u0308rta\u0308minen: mita\u0308 on musiikin takana, mista\u0308 se kumpuaa, miten ja miksi? Mika\u0308 on kappaleiden tarina, todellinen olemus ja tunnetila? Mita\u0308 lo\u0308ytyy, jos pa\u0308a\u0308see kurkistamaan laulunsanojen kirjaimellisten merkitysten ohi? Tarkoitus ei ollut keksima\u0308lla\u0308 keksia\u0308 tarinaa vaan lo\u0308yta\u0308a\u0308 ja oivaltaa jotain jo olemassa olevaa. Aluksi en tiennyt, miten etsia\u0308 vastauksia, ja kaipasin keinoja itsetutkiskeluun. Aloitin tutkimusmatkan kuitenkin luottaen, etta\u0308 palaset jossain vaiheessa loksahtavat paikoilleen. Ta\u0308rkeimpia\u0308 lo\u0308yta\u0308mia\u0308ni tyo\u0308kaluja matkalla olivat kirjoittaminen, improvisaatio ja kuvat. Haasteita ja tavoitteita syntyi lisa\u0308a\u0308 aina sita\u0308 mukaa, kun pa\u0308a\u0308ma\u0308a\u0308ra\u0308 kirkastui.<\/p>\n<p>&nbsp;<\/p>","protected":false},"excerpt":{"rendered":"<p>Projektity\u00f6 Kansanmusiikin aineryhm\u00e4 Taideyliopiston Sibelius-Akatemia 2019 Sis\u00e4llysluettelo 1 Johdanto ja tavoite 2 Ty\u00f6skentelytavat 2.1 Improvisaatio 2.1.1 Maailman synty 2.2 Kirjoittaminen 2.2.1 Tekstej\u00e4 2.3 Kuvat ja videot 2.3.1 Ensimma\u0308inen kuvaussessio 2.3.2 Toinen kuvaussessio 2.3.3 Kolmas kuvaussessio 2.3.4 Nelja\u0308s kuvaussessio 2.3.5 Viides kuvaussessio 2.3.6 Kuvat konsertissa 2.3.7 Yhteenveto 3 Musiikista 3.1 Kappaleet 4 Konsertti 4.1 Kokonaisuus 4.2 [&hellip;]<\/p>\n","protected":false},"featured_media":2871,"comment_status":"closed","ping_status":"closed","template":"","meta":{"_acf_changed":false},"product_brand":[],"product_cat":[81,76],"product_tag":[],"class_list":{"0":"post-2870","1":"product","2":"type-product","3":"status-publish","4":"has-post-thumbnail","6":"product_cat-maisteriopinnot","7":"product_cat-opinnaytteet","9":"first","10":"instock","11":"shipping-taxable","12":"product-type-simple"},"acf":[],"_links":{"self":[{"href":"https:\/\/etno.net\/en\/wp-json\/wp\/v2\/product\/2870","targetHints":{"allow":["GET"]}}],"collection":[{"href":"https:\/\/etno.net\/en\/wp-json\/wp\/v2\/product"}],"about":[{"href":"https:\/\/etno.net\/en\/wp-json\/wp\/v2\/types\/product"}],"replies":[{"embeddable":true,"href":"https:\/\/etno.net\/en\/wp-json\/wp\/v2\/comments?post=2870"}],"wp:featuredmedia":[{"embeddable":true,"href":"https:\/\/etno.net\/en\/wp-json\/wp\/v2\/media\/2871"}],"wp:attachment":[{"href":"https:\/\/etno.net\/en\/wp-json\/wp\/v2\/media?parent=2870"}],"wp:term":[{"taxonomy":"product_brand","embeddable":true,"href":"https:\/\/etno.net\/en\/wp-json\/wp\/v2\/product_brand?post=2870"},{"taxonomy":"product_cat","embeddable":true,"href":"https:\/\/etno.net\/en\/wp-json\/wp\/v2\/product_cat?post=2870"},{"taxonomy":"product_tag","embeddable":true,"href":"https:\/\/etno.net\/en\/wp-json\/wp\/v2\/product_tag?post=2870"}],"curies":[{"name":"wp","href":"https:\/\/api.w.org\/{rel}","templated":true}]}}