{"id":3391,"date":"2021-09-06T11:42:57","date_gmt":"2021-09-06T09:42:57","guid":{"rendered":"https:\/\/etno.net\/?post_type=product&#038;p=3391"},"modified":"2025-02-10T16:19:06","modified_gmt":"2025-02-10T14:19:06","slug":"polenta-kaustinen-turbo","status":"publish","type":"product","link":"https:\/\/etno.net\/en\/julkaisu\/aanitteet\/polenta-kaustinen-turbo","title":{"rendered":"Polenta: Kaustinen Turbo"},"content":{"rendered":"<p><strong> 1. Arvon alotus<\/strong><\/p>\n<!--[if lt IE 9]><script>document.createElement('audio');<\/script><![endif]-->\n<audio class=\"wp-audio-shortcode\" id=\"audio-3391-1\" preload=\"none\" style=\"width: 100%;\" controls=\"controls\"><source type=\"audio\/mpeg\" src=\"https:\/\/etno.net\/wp-content\/uploads\/2021\/09\/polenta_01_arvon_alotus_etnonet.mp3?_=1\" \/><a href=\"https:\/\/etno.net\/wp-content\/uploads\/2021\/09\/polenta_01_arvon_alotus_etnonet.mp3\">https:\/\/etno.net\/wp-content\/uploads\/2021\/09\/polenta_01_arvon_alotus_etnonet.mp3<\/a><\/audio>\n<p>2. Konstan parempi valssi<\/p>\n<p>3. Liedeksen polkka<\/p>\n<p>4. Kes\u00e4n tullessa<\/p>\n<p>5. Penttil\u00e4n sillalla<\/p>\n<p>6. Jylh\u00e4n polska<\/p>\n<p><strong>7. Ojalan Matti-vaarin polska<\/strong><\/p>\n<audio class=\"wp-audio-shortcode\" id=\"audio-3391-2\" preload=\"none\" style=\"width: 100%;\" controls=\"controls\"><source type=\"audio\/mpeg\" src=\"https:\/\/etno.net\/wp-content\/uploads\/2021\/09\/polenta_07_ojalan_matti-vaarin_polska_etnonet.mp3?_=2\" \/><a href=\"https:\/\/etno.net\/wp-content\/uploads\/2021\/09\/polenta_07_ojalan_matti-vaarin_polska_etnonet.mp3\">https:\/\/etno.net\/wp-content\/uploads\/2021\/09\/polenta_07_ojalan_matti-vaarin_polska_etnonet.mp3<\/a><\/audio>\n<p>8. Lukkari Niittykoski (Pikkulukkarin polkka ja Niittykosken polkka)<\/p>\n<p><strong>9. Mets\u00e4marssi<\/strong><\/p>\n<audio class=\"wp-audio-shortcode\" id=\"audio-3391-3\" preload=\"none\" style=\"width: 100%;\" controls=\"controls\"><source type=\"audio\/mpeg\" src=\"https:\/\/etno.net\/wp-content\/uploads\/2021\/09\/polenta_09_metsamarssi_etnonet.mp3?_=3\" \/><a href=\"https:\/\/etno.net\/wp-content\/uploads\/2021\/09\/polenta_09_metsamarssi_etnonet.mp3\">https:\/\/etno.net\/wp-content\/uploads\/2021\/09\/polenta_09_metsamarssi_etnonet.mp3<\/a><\/audio>\n<p>10. Konsta tylypahkassa (G-mollimasurkka ja -sottiisi Kaustiselta)<\/p>\n<p>11. Purppuripolska<\/p>\n<p>12. T\u00e4htisilm\u00e4valssi<\/p>\n<p><strong>Olli Sippola<\/strong> viulu<br \/>\n<strong>Mikko Malmivaara<\/strong> kitara<br \/>\n<strong>Aino Kinnunen<\/strong> viulu<br \/>\n<strong>Jonna Lankinen<\/strong> viulu<\/p>\n<p>\u00c4\u00e4nitys ja miksaus\u00a0<strong>Joonas Saikkonen<br \/>\n<\/strong>Tuottaja\u00a0<strong>Esko J\u00e4rvel\u00e4<br \/>\n<\/strong>Masterointi <strong>Vesa Norilo<\/strong><br \/>\nValokuvat ja kannet <strong>Jimmy Tr\u00e4skelin<\/strong><\/p>\n<p>Sibelius-Akatemian kansanmusiikki\u00e4\u00e4nitteit\u00e4 179<br \/>\nKICD 146<\/p>\n","protected":false},"excerpt":{"rendered":"<p>1. Arvon alotus 2. Konstan parempi valssi 3. Liedeksen polkka 4. Kes\u00e4n tullessa 5. Penttil\u00e4n sillalla 6. Jylh\u00e4n polska 7. Ojalan Matti-vaarin polska 8. Lukkari Niittykoski (Pikkulukkarin polkka ja Niittykosken polkka) 9. Mets\u00e4marssi 10. Konsta tylypahkassa (G-mollimasurkka ja -sottiisi Kaustiselta) 11. Purppuripolska 12. T\u00e4htisilm\u00e4valssi Olli Sippola viulu Mikko Malmivaara kitara Aino Kinnunen viulu Jonna Lankinen [&hellip;]<\/p>\n","protected":false},"featured_media":4090,"comment_status":"closed","ping_status":"closed","template":"","meta":{"_acf_changed":false},"product_brand":[],"product_cat":[65],"product_tag":[],"class_list":{"0":"post-3391","1":"product","2":"type-product","3":"status-publish","4":"has-post-thumbnail","6":"product_cat-aanitteet","8":"first","9":"instock","10":"shipping-taxable","11":"product-type-simple"},"acf":[],"_links":{"self":[{"href":"https:\/\/etno.net\/en\/wp-json\/wp\/v2\/product\/3391","targetHints":{"allow":["GET"]}}],"collection":[{"href":"https:\/\/etno.net\/en\/wp-json\/wp\/v2\/product"}],"about":[{"href":"https:\/\/etno.net\/en\/wp-json\/wp\/v2\/types\/product"}],"replies":[{"embeddable":true,"href":"https:\/\/etno.net\/en\/wp-json\/wp\/v2\/comments?post=3391"}],"wp:featuredmedia":[{"embeddable":true,"href":"https:\/\/etno.net\/en\/wp-json\/wp\/v2\/media\/4090"}],"wp:attachment":[{"href":"https:\/\/etno.net\/en\/wp-json\/wp\/v2\/media?parent=3391"}],"wp:term":[{"taxonomy":"product_brand","embeddable":true,"href":"https:\/\/etno.net\/en\/wp-json\/wp\/v2\/product_brand?post=3391"},{"taxonomy":"product_cat","embeddable":true,"href":"https:\/\/etno.net\/en\/wp-json\/wp\/v2\/product_cat?post=3391"},{"taxonomy":"product_tag","embeddable":true,"href":"https:\/\/etno.net\/en\/wp-json\/wp\/v2\/product_tag?post=3391"}],"curies":[{"name":"wp","href":"https:\/\/api.w.org\/{rel}","templated":true}]}}