{"id":3448,"date":"2021-10-14T14:20:43","date_gmt":"2021-10-14T12:20:43","guid":{"rendered":"https:\/\/etno.net\/?post_type=product&#038;p=3448"},"modified":"2021-10-14T14:20:43","modified_gmt":"2021-10-14T12:20:43","slug":"kirjava-lintu-unilintu","status":"publish","type":"product","link":"https:\/\/etno.net\/en\/julkaisu\/aanitteet\/kirjava-lintu-unilintu","title":{"rendered":"Kirjava lintu: Unilintu"},"content":{"rendered":"<p>1. Kaksi<br \/>\n<strong>2. Liinaharja<br \/>\n<\/strong><\/p>\n<!--[if lt IE 9]><script>document.createElement('audio');<\/script><![endif]-->\n<audio class=\"wp-audio-shortcode\" id=\"audio-3448-1\" preload=\"none\" style=\"width: 100%;\" controls=\"controls\"><source type=\"audio\/mpeg\" src=\"https:\/\/etno.net\/wp-content\/uploads\/2021\/10\/liinaharja.mp3?_=1\" \/><a href=\"https:\/\/etno.net\/wp-content\/uploads\/2021\/10\/liinaharja.mp3\">https:\/\/etno.net\/wp-content\/uploads\/2021\/10\/liinaharja.mp3<\/a><\/audio>\n<p>3. Hevostie<br \/>\n4. Nuku nuku nurmilintu<br \/>\n5. Unilintu<br \/>\n<strong>6. Talvitaika<br \/>\n<\/strong><\/p>\n<audio class=\"wp-audio-shortcode\" id=\"audio-3448-2\" preload=\"none\" style=\"width: 100%;\" controls=\"controls\"><source type=\"audio\/mpeg\" src=\"https:\/\/etno.net\/wp-content\/uploads\/2021\/10\/talviaika.mp3?_=2\" \/><a href=\"https:\/\/etno.net\/wp-content\/uploads\/2021\/10\/talviaika.mp3\">https:\/\/etno.net\/wp-content\/uploads\/2021\/10\/talviaika.mp3<\/a><\/audio>\n<p>7. Tulen synty<br \/>\n8. Recontulet<br \/>\n9. Lintuseni<br \/>\n10. Kun mun kultani tulisi<br \/>\n<strong>11. Tian ja Antin h\u00e4\u00e4valssi<br \/>\n<\/strong><\/p>\n<audio class=\"wp-audio-shortcode\" id=\"audio-3448-3\" preload=\"none\" style=\"width: 100%;\" controls=\"controls\"><source type=\"audio\/mpeg\" src=\"https:\/\/etno.net\/wp-content\/uploads\/2021\/10\/tian_ja_antin_haavalssi.mp3?_=3\" \/><a href=\"https:\/\/etno.net\/wp-content\/uploads\/2021\/10\/tian_ja_antin_haavalssi.mp3\">https:\/\/etno.net\/wp-content\/uploads\/2021\/10\/tian_ja_antin_haavalssi.mp3<\/a><\/audio>\n<p>12. Soitot<br \/>\n13. Lenn\u00e4 lenn\u00e4 lepp\u00e4lintu<br \/>\n14. Tulilintu<\/p>\n<p><strong>Juha Kujanp\u00e4\u00e4 <\/strong>piano, harmooni, koskettimet<br \/>\n<strong>Minsku Tommola<\/strong> laulu<br \/>\n<strong>Emilia Lajunen<\/strong> viulu, avainviulu<br \/>\n<strong>Tommi Asplund<\/strong> viulu<br \/>\n<strong>Hannu Risku<\/strong> perkussiot<br \/>\n<strong>Ilkka Heinonen<\/strong> kontrabasso<\/p>\n<p>Kuu Records<\/p>\n<p>Sibelius-Akatemian kansanmusiikki\u00e4\u00e4nitteit\u00e4 119<br \/>\nKUUREC002<\/p>\n","protected":false},"excerpt":{"rendered":"<p>1. Kaksi 2. Liinaharja 3. Hevostie 4. Nuku nuku nurmilintu 5. Unilintu 6. Talvitaika 7. Tulen synty 8. Recontulet 9. Lintuseni 10. Kun mun kultani tulisi 11. Tian ja Antin h\u00e4\u00e4valssi 12. Soitot 13. Lenn\u00e4 lenn\u00e4 lepp\u00e4lintu 14. Tulilintu Juha Kujanp\u00e4\u00e4 piano, harmooni, koskettimet Minsku Tommola laulu Emilia Lajunen viulu, avainviulu Tommi Asplund viulu Hannu [&hellip;]<\/p>\n","protected":false},"featured_media":3450,"comment_status":"closed","ping_status":"closed","template":"","meta":{"_acf_changed":false},"product_brand":[],"product_cat":[65],"product_tag":[],"class_list":{"0":"post-3448","1":"product","2":"type-product","3":"status-publish","4":"has-post-thumbnail","6":"product_cat-aanitteet","8":"first","9":"instock","10":"shipping-taxable","11":"product-type-simple"},"acf":[],"_links":{"self":[{"href":"https:\/\/etno.net\/en\/wp-json\/wp\/v2\/product\/3448","targetHints":{"allow":["GET"]}}],"collection":[{"href":"https:\/\/etno.net\/en\/wp-json\/wp\/v2\/product"}],"about":[{"href":"https:\/\/etno.net\/en\/wp-json\/wp\/v2\/types\/product"}],"replies":[{"embeddable":true,"href":"https:\/\/etno.net\/en\/wp-json\/wp\/v2\/comments?post=3448"}],"wp:featuredmedia":[{"embeddable":true,"href":"https:\/\/etno.net\/en\/wp-json\/wp\/v2\/media\/3450"}],"wp:attachment":[{"href":"https:\/\/etno.net\/en\/wp-json\/wp\/v2\/media?parent=3448"}],"wp:term":[{"taxonomy":"product_brand","embeddable":true,"href":"https:\/\/etno.net\/en\/wp-json\/wp\/v2\/product_brand?post=3448"},{"taxonomy":"product_cat","embeddable":true,"href":"https:\/\/etno.net\/en\/wp-json\/wp\/v2\/product_cat?post=3448"},{"taxonomy":"product_tag","embeddable":true,"href":"https:\/\/etno.net\/en\/wp-json\/wp\/v2\/product_tag?post=3448"}],"curies":[{"name":"wp","href":"https:\/\/api.w.org\/{rel}","templated":true}]}}