{"id":3619,"date":"2022-11-14T10:10:14","date_gmt":"2022-11-14T08:10:14","guid":{"rendered":"https:\/\/etno.net\/?post_type=product&#038;p=3619"},"modified":"2025-02-10T16:17:44","modified_gmt":"2025-02-10T14:17:44","slug":"siba-folk-big-band-fbb-iii","status":"publish","type":"product","link":"https:\/\/etno.net\/en\/julkaisu\/aanitteet\/siba-folk-big-band-fbb-iii","title":{"rendered":"SibA Folk Big Band: FBB III"},"content":{"rendered":"<p>1. <strong>Quantum\u00a0<\/strong><em>4&#8217;15<br \/>\n<\/em>s\u00e4v. ja sov. Milla Viljamaa<\/p>\n<!--[if lt IE 9]><script>document.createElement('audio');<\/script><![endif]-->\n<audio class=\"wp-audio-shortcode\" id=\"audio-3619-1\" preload=\"none\" style=\"width: 100%;\" controls=\"controls\"><source type=\"audio\/mpeg\" src=\"https:\/\/etno.net\/wp-content\/uploads\/2022\/11\/Quantum.mp3?_=1\" \/><a href=\"https:\/\/etno.net\/wp-content\/uploads\/2022\/11\/Quantum.mp3\">https:\/\/etno.net\/wp-content\/uploads\/2022\/11\/Quantum.mp3<\/a><\/audio>\n<p>2. <strong>Tulen tytt\u00f6<\/strong><strong>\u00a0<\/strong><em>4&#8217;55<br \/>\n<\/em>s\u00e4v. ja sov. Vilma J\u00e4\u00e4, san. trad.<\/p>\n<audio class=\"wp-audio-shortcode\" id=\"audio-3619-2\" preload=\"none\" style=\"width: 100%;\" controls=\"controls\"><source type=\"audio\/mpeg\" src=\"https:\/\/etno.net\/wp-content\/uploads\/2022\/11\/Tulen_tytto.mp3?_=2\" \/><a href=\"https:\/\/etno.net\/wp-content\/uploads\/2022\/11\/Tulen_tytto.mp3\">https:\/\/etno.net\/wp-content\/uploads\/2022\/11\/Tulen_tytto.mp3<\/a><\/audio>\n<p>3. <strong>Tuuliviiri<\/strong><strong>\u00a0<\/strong><em>4&#8217;07<br \/>\ns\u00e4v. ja sov. Sanna Salonen, san. Erika Hammarberg<\/em><\/p>\n<audio class=\"wp-audio-shortcode\" id=\"audio-3619-3\" preload=\"none\" style=\"width: 100%;\" controls=\"controls\"><source type=\"audio\/mpeg\" src=\"https:\/\/etno.net\/wp-content\/uploads\/2022\/11\/Tuuliviiri.mp3?_=3\" \/><a href=\"https:\/\/etno.net\/wp-content\/uploads\/2022\/11\/Tuuliviiri.mp3\">https:\/\/etno.net\/wp-content\/uploads\/2022\/11\/Tuuliviiri.mp3<\/a><\/audio>\n<p>&nbsp;<\/p>\n<p>Miksaus \/ Mixing: <strong>Jyri Sariola<br \/>\n<\/strong>Masterointi \/ Mastering: <strong>Musakonttori<\/strong><br \/>\nPerkussioiden ja jousten \u00e4\u00e4nitys \/ Recording of percussions and strings: <strong>Jyri Sariola<br \/>\n<\/strong>Laulujen \u00e4\u00e4nitys \/ Recording of vocals:<strong> Elisa H\u00e4rm\u00e4<\/strong><br \/>\nTuotanto ja julkaisija \/ Production and publisher: <strong>Taideyliopiston Sibelius-Akatemia, kansanmusiikin aineryhm\u00e4 \/ Sibelius Academy of the University of the Arts, folk-music subject group<\/strong><\/p>\n<p>Soittajat ovat itse \u00e4\u00e4nitt\u00e4neet puolet nauhoituksista omissa kodeissaan. Loput \u00e4\u00e4nitetty Helsingin Musiikkitalolla ja Mimix-studiolla.<\/p>\n<p>The players have recorded half of the recordings themselves in their own homes. The rest was recorded at Helsinki Music Center and Mimix studio.<\/p>\n<p>Spotify: <a href=\"https:\/\/open.spotify.com\/album\/5UF1gZ2WfjdMLEjtBb2Nrs?si=-FCOVuunRIaScG9oAqY6NA&amp;nd=1\" target=\"_blank\" rel=\"noopener\">https:\/\/open.spotify.com\/album\/5UF1gZ2WfjdMLEjtBb2Nrs?si=-FCOVuunRIaScG9oAqY6NA&amp;nd=1<\/a><\/p>\n<p><strong>Esitt\u00e4j\u00e4t:<\/strong><\/p>\n<p><strong>Roope Aarnio<\/strong>: mandoliini, kitara, orkesterin johto \/ mandolin, guitar, the conductor of the orchestra<br \/>\n<strong>Gabriel Dluzewski<\/strong>: mandoliini, l\u00e5t mandola \/ mandolin<br \/>\n<strong>Leo Herranen<\/strong>: kontrabasso \/ double bass<br \/>\n<strong>Elisa H\u00e4rm\u00e4<\/strong>: laulu, vocals<br \/>\n<strong>Olli Kari<\/strong>: harmonikka, harmoni \/ accordion, harmonium<br \/>\n<strong>Veera Katila<\/strong>: klarinetti \/ clarinet<br \/>\n<strong>Aino Kinnunen<\/strong>: viulu \/ fiddle<br \/>\n<strong>Sinikka Kontio<\/strong>: kanteleet \/ kanteles<br \/>\n<strong>Sirkka Kosonen<\/strong>: laulu \/ vocals<br \/>\n<strong>Aino Kovanen<\/strong>: poikkihuilu \/ transverse flute<br \/>\n<strong>Veera Kuisma<\/strong>: viulu \/ fiddle<br \/>\n<strong>Severi Laakso<\/strong>: viulu \/ fiddle<br \/>\n<strong>Emilia Lajunen<\/strong>: viulu \/ fiddle<br \/>\n<strong>Jonna Lankinen<\/strong>: viulu \/ fiddle<br \/>\n<strong>Oskari Lehtonen<\/strong>: rummut, perkussiot \/ drums, percussions<br \/>\n<strong>Malin Lewis<\/strong>: viulu \/ fiddle<br \/>\n<strong>Katriina Loisa<\/strong>: laulu \/ vocals<br \/>\n<strong>Aapo Nieminen<\/strong>: kitara, s\u00e4hk\u00f6kitara \/ guitar, electric guitar<br \/>\n<strong>Kirsi Ojala<\/strong>: huilut \/ flutes<br \/>\n<strong>Saija Penttil\u00e4<\/strong>: kontrabasso \/ double bass<br \/>\n<strong>Pihla Per\u00e4m\u00e4ki<\/strong>: viulu \/ fiddle<br \/>\n<strong>Petri Prauda<\/strong>: cittern, mandoliini \/ cittern, mandolin<br \/>\n<strong>Paula Raitanen<\/strong>: laulu \/ vocals<br \/>\n<strong>Oona Sinkko<\/strong>: harmoni, harmonium<br \/>\n<strong>Olli Sippola<\/strong>: viulu \/ fiddle<br \/>\n<strong>Carolina Stenb\u00e4ck<\/strong>: sello \/ cello<br \/>\n<strong>Tuike Suomalainen<\/strong>: viulu \/ fiddle<br \/>\n<strong>Sanna S\u00e4llinen<\/strong>: saksofoni \/ saxophone<br \/>\n<strong>Viive Virtanen<\/strong>: viulu \/ fiddle<\/p>\n","protected":false},"excerpt":{"rendered":"<p>1. Quantum\u00a04&#8217;15 s\u00e4v. ja sov. Milla Viljamaa 2. Tulen tytt\u00f6\u00a04&#8217;55 s\u00e4v. ja sov. Vilma J\u00e4\u00e4, san. trad. 3. Tuuliviiri\u00a04&#8217;07 s\u00e4v. ja sov. Sanna Salonen, san. Erika Hammarberg &nbsp; Miksaus \/ Mixing: Jyri Sariola Masterointi \/ Mastering: Musakonttori Perkussioiden ja jousten \u00e4\u00e4nitys \/ Recording of percussions and strings: Jyri Sariola Laulujen \u00e4\u00e4nitys \/ Recording of vocals: [&hellip;]<\/p>\n","protected":false},"featured_media":4088,"comment_status":"closed","ping_status":"closed","template":"","meta":{"_acf_changed":false},"product_brand":[],"product_cat":[65],"product_tag":[],"class_list":{"0":"post-3619","1":"product","2":"type-product","3":"status-publish","4":"has-post-thumbnail","6":"product_cat-aanitteet","8":"first","9":"instock","10":"shipping-taxable","11":"product-type-simple"},"acf":[],"_links":{"self":[{"href":"https:\/\/etno.net\/en\/wp-json\/wp\/v2\/product\/3619","targetHints":{"allow":["GET"]}}],"collection":[{"href":"https:\/\/etno.net\/en\/wp-json\/wp\/v2\/product"}],"about":[{"href":"https:\/\/etno.net\/en\/wp-json\/wp\/v2\/types\/product"}],"replies":[{"embeddable":true,"href":"https:\/\/etno.net\/en\/wp-json\/wp\/v2\/comments?post=3619"}],"wp:featuredmedia":[{"embeddable":true,"href":"https:\/\/etno.net\/en\/wp-json\/wp\/v2\/media\/4088"}],"wp:attachment":[{"href":"https:\/\/etno.net\/en\/wp-json\/wp\/v2\/media?parent=3619"}],"wp:term":[{"taxonomy":"product_brand","embeddable":true,"href":"https:\/\/etno.net\/en\/wp-json\/wp\/v2\/product_brand?post=3619"},{"taxonomy":"product_cat","embeddable":true,"href":"https:\/\/etno.net\/en\/wp-json\/wp\/v2\/product_cat?post=3619"},{"taxonomy":"product_tag","embeddable":true,"href":"https:\/\/etno.net\/en\/wp-json\/wp\/v2\/product_tag?post=3619"}],"curies":[{"name":"wp","href":"https:\/\/api.w.org\/{rel}","templated":true}]}}