{"id":3728,"date":"2023-02-28T11:54:50","date_gmt":"2023-02-28T09:54:50","guid":{"rendered":"https:\/\/etno.net\/?post_type=product&#038;p=3728"},"modified":"2026-04-27T17:28:03","modified_gmt":"2026-04-27T15:28:03","slug":"laulettu-kalevala-jakso-1-3","status":"publish","type":"product","link":"https:\/\/etno.net\/en\/julkaisu\/aanitteet\/laulettu-kalevala-jakso-1-3","title":{"rendered":"Laulettu Kalevala, Jakso 1\/3"},"content":{"rendered":"<div class=\"page\" title=\"Page 1\">\n<div class=\"section\">\n<div class=\"layoutArea\">\n<div class=\"column\">\n<div class=\"page\" title=\"Page 1\">\n<div class=\"section\">\n<div class=\"layoutArea\">\n<div class=\"column\">\n<div class=\"page\" title=\"Page 1\">\n<div class=\"section\">\n<div class=\"layoutArea\">\n<div class=\"column\">\n<!--[if lt IE 9]><script>document.createElement('audio');<\/script><![endif]-->\n\t<div class=\"wp-playlist wp-audio-playlist wp-playlist-light\">\n\t\t\t<div class=\"wp-playlist-current-item\"><\/div>\n\t\t<audio controls=\"controls\" preload=\"none\" width=\"778\"\n\t\t\t><\/audio>\n\t<div class=\"wp-playlist-next\"><\/div>\n\t<div class=\"wp-playlist-prev\"><\/div>\n\t<noscript>\n\t<ol>\n\t\t<li><a href='https:\/\/etno.net\/wp-content\/uploads\/2023\/02\/1-Runo-tiivistelma\u0308.mp3'>1. runo, tiivistelm\u00e4<\/a><\/li><li><a href='https:\/\/etno.net\/wp-content\/uploads\/2023\/02\/1-Runo-Laulettu-Kalevala.mp3'>1. runo<\/a><\/li><li><a href='https:\/\/etno.net\/wp-content\/uploads\/2023\/02\/2-Runo-tiivistelma\u0308.mp3'>2. runo, tiivistelm\u00e4<\/a><\/li><li><a href='https:\/\/etno.net\/wp-content\/uploads\/2023\/02\/2-Runo-Laulettu-Kalevala.mp3'>2. runo<\/a><\/li><li><a href='https:\/\/etno.net\/wp-content\/uploads\/2023\/02\/3-Runo-tiivistelma\u0308.mp3'>3. runo, tiivistelm\u00e4<\/a><\/li><li><a href='https:\/\/etno.net\/wp-content\/uploads\/2023\/02\/3-Runo-Laulettu-Kalevala.mp3'>3. runo<\/a><\/li><li><a href='https:\/\/etno.net\/wp-content\/uploads\/2023\/02\/4-Runo-tiivistelma\u0308.mp3'>4. runo, tiivistelm\u00e4<\/a><\/li><li><a href='https:\/\/etno.net\/wp-content\/uploads\/2023\/02\/4-Runo-Laulettu-Kalevala.mp3'>4. runo<\/a><\/li><li><a href='https:\/\/etno.net\/wp-content\/uploads\/2023\/02\/5-Runo-tiivistelma\u0308.mp3'>5. runo, tiivistelm\u00e4<\/a><\/li><li><a href='https:\/\/etno.net\/wp-content\/uploads\/2023\/02\/5-Runo-Laulettu-Kalevala.mp3'>5. runo<\/a><\/li><li><a href='https:\/\/etno.net\/wp-content\/uploads\/2023\/02\/6-Runo-tiivistelma\u0308.mp3'>6. runo, tiivistelm\u00e4<\/a><\/li><li><a href='https:\/\/etno.net\/wp-content\/uploads\/2023\/02\/6-Runo-Laulettu-Kalevala.mp3'>6. runo<\/a><\/li><li><a href='https:\/\/etno.net\/wp-content\/uploads\/2023\/02\/7-Runo-tiivistelma\u0308.mp3'>7. runo, tiivistelm\u00e4<\/a><\/li><li><a href='https:\/\/etno.net\/wp-content\/uploads\/2023\/02\/7-Runo-Laulettu-Kalevala.mp3'>7. runo<\/a><\/li><li><a href='https:\/\/etno.net\/wp-content\/uploads\/2023\/02\/8-Runo-tiivistelma\u0308.mp3'>8. runo, tiivistelm\u00e4<\/a><\/li><li><a href='https:\/\/etno.net\/wp-content\/uploads\/2023\/02\/8-Runo-Laulettu-Kalevala.mp3'>8. runo<\/a><\/li><li><a href='https:\/\/etno.net\/wp-content\/uploads\/2023\/02\/9-Runo-tiivistelma\u0308.mp3'>9. runo, tiivistelm\u00e4<\/a><\/li><li><a href='https:\/\/etno.net\/wp-content\/uploads\/2023\/02\/9-Runo-Laulettu-Kalevala.mp3'>9. runo<\/a><\/li><li><a href='https:\/\/etno.net\/wp-content\/uploads\/2023\/02\/10-Runo-tiivistelma\u0308.mp3'>10. runo, tiivistelm\u00e4<\/a><\/li><li><a href='https:\/\/etno.net\/wp-content\/uploads\/2023\/02\/10-Runo-Laulettu-Kalevala.mp3'>10. runo<\/a><\/li>\t<\/ol>\n\t<\/noscript>\n\t<script type=\"application\/json\" class=\"wp-playlist-script\">{\"type\":\"audio\",\"tracklist\":true,\"tracknumbers\":false,\"images\":false,\"artists\":true,\"tracks\":[{\"src\":\"https:\\\/\\\/etno.net\\\/wp-content\\\/uploads\\\/2023\\\/02\\\/1-Runo-tiivistelma\\u0308.mp3\",\"type\":\"audio\\\/mpeg\",\"title\":\"1. runo, tiivistelm\\u00e4\",\"caption\":\"\",\"description\":\"\\\"1 Runo tiivistelm\\u00e4\\\". Julkaistu: 2023. Raita 1.\",\"meta\":{\"artist\":\"Juha Valkeap\\u00e4\\u00e4\",\"album\":\"Laulettu Kalevala\",\"year\":\"2023\",\"length_formatted\":\"1:11\"},\"image\":{\"src\":\"https:\\\/\\\/etno.net\\\/wp-includes\\\/images\\\/media\\\/audio.svg\",\"width\":48,\"height\":64},\"thumb\":{\"src\":\"https:\\\/\\\/etno.net\\\/wp-includes\\\/images\\\/media\\\/audio.svg\",\"width\":48,\"height\":64}},{\"src\":\"https:\\\/\\\/etno.net\\\/wp-content\\\/uploads\\\/2023\\\/02\\\/1-Runo-Laulettu-Kalevala.mp3\",\"type\":\"audio\\\/mpeg\",\"title\":\"1. runo\",\"caption\":\"\",\"description\":\"\\\"1 Runo\\\" albumilta Laulettu Kalevala. Julkaistu: 2023. Raita 1.\",\"meta\":{\"artist\":\"Taito Hoffr\\u00e9n & Anna-Kaisa Liedes\",\"album\":\"Laulettu Kalevala\",\"year\":\"2023\",\"length_formatted\":\"27:36\"},\"image\":{\"src\":\"https:\\\/\\\/etno.net\\\/wp-includes\\\/images\\\/media\\\/audio.svg\",\"width\":48,\"height\":64},\"thumb\":{\"src\":\"https:\\\/\\\/etno.net\\\/wp-includes\\\/images\\\/media\\\/audio.svg\",\"width\":48,\"height\":64}},{\"src\":\"https:\\\/\\\/etno.net\\\/wp-content\\\/uploads\\\/2023\\\/02\\\/2-Runo-tiivistelma\\u0308.mp3\",\"type\":\"audio\\\/mpeg\",\"title\":\"2. runo, tiivistelm\\u00e4\",\"caption\":\"\",\"description\":\"\\\"2 Runo tiivistelm\\u00e4\\\" albumilta Laulettu Kalevala. Julkaistu: 2023. Raita 1.\",\"meta\":{\"artist\":\"Juha Valkeap\\u00e4\\u00e4\",\"album\":\"Laulettu Kalevala\",\"year\":\"2023\",\"length_formatted\":\"1:11\"},\"image\":{\"src\":\"https:\\\/\\\/etno.net\\\/wp-includes\\\/images\\\/media\\\/audio.svg\",\"width\":48,\"height\":64},\"thumb\":{\"src\":\"https:\\\/\\\/etno.net\\\/wp-includes\\\/images\\\/media\\\/audio.svg\",\"width\":48,\"height\":64}},{\"src\":\"https:\\\/\\\/etno.net\\\/wp-content\\\/uploads\\\/2023\\\/02\\\/2-Runo-Laulettu-Kalevala.mp3\",\"type\":\"audio\\\/mpeg\",\"title\":\"2. runo\",\"caption\":\"\",\"description\":\"\\\"2 Runo\\\" albumilta Laulettu Kalevala. Julkaistu: 2023. Raita 1.\",\"meta\":{\"artist\":\"Ilona Korhonen\",\"album\":\"Laulettu Kalevala\",\"year\":\"2023\",\"length_formatted\":\"22:30\"},\"image\":{\"src\":\"https:\\\/\\\/etno.net\\\/wp-includes\\\/images\\\/media\\\/audio.svg\",\"width\":48,\"height\":64},\"thumb\":{\"src\":\"https:\\\/\\\/etno.net\\\/wp-includes\\\/images\\\/media\\\/audio.svg\",\"width\":48,\"height\":64}},{\"src\":\"https:\\\/\\\/etno.net\\\/wp-content\\\/uploads\\\/2023\\\/02\\\/3-Runo-tiivistelma\\u0308.mp3\",\"type\":\"audio\\\/mpeg\",\"title\":\"3. runo, tiivistelm\\u00e4\",\"caption\":\"\",\"description\":\"\\\"3 Runo tiivistelm\\u00e4\\\" albumilta Laulettu Kalevala. Julkaistu: 2023. Raita 1.\",\"meta\":{\"artist\":\"Juha Valkeap\\u00e4\\u00e4\",\"album\":\"Laulettu Kalevala\",\"year\":\"2023\",\"length_formatted\":\"0:37\"},\"image\":{\"src\":\"https:\\\/\\\/etno.net\\\/wp-includes\\\/images\\\/media\\\/audio.svg\",\"width\":48,\"height\":64},\"thumb\":{\"src\":\"https:\\\/\\\/etno.net\\\/wp-includes\\\/images\\\/media\\\/audio.svg\",\"width\":48,\"height\":64}},{\"src\":\"https:\\\/\\\/etno.net\\\/wp-content\\\/uploads\\\/2023\\\/02\\\/3-Runo-Laulettu-Kalevala.mp3\",\"type\":\"audio\\\/mpeg\",\"title\":\"3. runo\",\"caption\":\"\",\"description\":\"\\\"3 Runo\\\" albumilta Laulettu Kalevala. Julkaistu: 2023. Raita 1.\",\"meta\":{\"artist\":\"Taito Hoffr\\u00e9n\",\"album\":\"Laulettu Kalevala\",\"year\":\"2023\",\"length_formatted\":\"35:30\"},\"image\":{\"src\":\"https:\\\/\\\/etno.net\\\/wp-includes\\\/images\\\/media\\\/audio.svg\",\"width\":48,\"height\":64},\"thumb\":{\"src\":\"https:\\\/\\\/etno.net\\\/wp-includes\\\/images\\\/media\\\/audio.svg\",\"width\":48,\"height\":64}},{\"src\":\"https:\\\/\\\/etno.net\\\/wp-content\\\/uploads\\\/2023\\\/02\\\/4-Runo-tiivistelma\\u0308.mp3\",\"type\":\"audio\\\/mpeg\",\"title\":\"4. runo, tiivistelm\\u00e4\",\"caption\":\"\",\"description\":\"\\\"4 Runo tiivistelm\\u00e4\\\" albumilta Laulettu Kalevala. Julkaistu: 2023. Raita 1.\",\"meta\":{\"artist\":\"Juha Valkeap\\u00e4\\u00e4\",\"album\":\"Laulettu Kalevala\",\"year\":\"2023\",\"length_formatted\":\"0:47\"},\"image\":{\"src\":\"https:\\\/\\\/etno.net\\\/wp-includes\\\/images\\\/media\\\/audio.svg\",\"width\":48,\"height\":64},\"thumb\":{\"src\":\"https:\\\/\\\/etno.net\\\/wp-includes\\\/images\\\/media\\\/audio.svg\",\"width\":48,\"height\":64}},{\"src\":\"https:\\\/\\\/etno.net\\\/wp-content\\\/uploads\\\/2023\\\/02\\\/4-Runo-Laulettu-Kalevala.mp3\",\"type\":\"audio\\\/mpeg\",\"title\":\"4. runo\",\"caption\":\"\",\"description\":\"\\\"4 Runo\\\" albumilta Laulettu Kalevala. Julkaistu: 2023. Raita 1.\",\"meta\":{\"artist\":\"Maari Kallberg\",\"album\":\"Laulettu Kalevala\",\"year\":\"2023\",\"length_formatted\":\"27:17\"},\"image\":{\"src\":\"https:\\\/\\\/etno.net\\\/wp-includes\\\/images\\\/media\\\/audio.svg\",\"width\":48,\"height\":64},\"thumb\":{\"src\":\"https:\\\/\\\/etno.net\\\/wp-includes\\\/images\\\/media\\\/audio.svg\",\"width\":48,\"height\":64}},{\"src\":\"https:\\\/\\\/etno.net\\\/wp-content\\\/uploads\\\/2023\\\/02\\\/5-Runo-tiivistelma\\u0308.mp3\",\"type\":\"audio\\\/mpeg\",\"title\":\"5. runo, tiivistelm\\u00e4\",\"caption\":\"\",\"description\":\"\\\"5 Runo tiivistelm\\u00e4\\\" albumilta Laulettu Kalevala. Julkaistu: 2023. Raita 1.\",\"meta\":{\"artist\":\"Juha Valkeap\\u00e4\\u00e4\",\"album\":\"Laulettu Kalevala\",\"year\":\"2023\",\"length_formatted\":\"0:39\"},\"image\":{\"src\":\"https:\\\/\\\/etno.net\\\/wp-includes\\\/images\\\/media\\\/audio.svg\",\"width\":48,\"height\":64},\"thumb\":{\"src\":\"https:\\\/\\\/etno.net\\\/wp-includes\\\/images\\\/media\\\/audio.svg\",\"width\":48,\"height\":64}},{\"src\":\"https:\\\/\\\/etno.net\\\/wp-content\\\/uploads\\\/2023\\\/02\\\/5-Runo-Laulettu-Kalevala.mp3\",\"type\":\"audio\\\/mpeg\",\"title\":\"5. runo\",\"caption\":\"\",\"description\":\"\\\"5 Runo\\\" albumilta Laulettu Kalevala. Julkaistu: 2023. Raita 1.\",\"meta\":{\"artist\":\"Eila Hartikainen\",\"album\":\"Laulettu Kalevala\",\"year\":\"2023\",\"length_formatted\":\"16:32\"},\"image\":{\"src\":\"https:\\\/\\\/etno.net\\\/wp-includes\\\/images\\\/media\\\/audio.svg\",\"width\":48,\"height\":64},\"thumb\":{\"src\":\"https:\\\/\\\/etno.net\\\/wp-includes\\\/images\\\/media\\\/audio.svg\",\"width\":48,\"height\":64}},{\"src\":\"https:\\\/\\\/etno.net\\\/wp-content\\\/uploads\\\/2023\\\/02\\\/6-Runo-tiivistelma\\u0308.mp3\",\"type\":\"audio\\\/mpeg\",\"title\":\"6. runo, tiivistelm\\u00e4\",\"caption\":\"\",\"description\":\"\\\"6 Runo tiivistelm\\u00e4\\\" albumilta Laulettu Kalevala. Julkaistu: 2023. Raita 1.\",\"meta\":{\"artist\":\"Juha Valkeap\\u00e4\\u00e4\",\"album\":\"Laulettu Kalevala\",\"year\":\"2023\",\"length_formatted\":\"0:49\"},\"image\":{\"src\":\"https:\\\/\\\/etno.net\\\/wp-includes\\\/images\\\/media\\\/audio.svg\",\"width\":48,\"height\":64},\"thumb\":{\"src\":\"https:\\\/\\\/etno.net\\\/wp-includes\\\/images\\\/media\\\/audio.svg\",\"width\":48,\"height\":64}},{\"src\":\"https:\\\/\\\/etno.net\\\/wp-content\\\/uploads\\\/2023\\\/02\\\/6-Runo-Laulettu-Kalevala.mp3\",\"type\":\"audio\\\/mpeg\",\"title\":\"6. runo\",\"caption\":\"\",\"description\":\"\\\"6 Runo\\\" albumilta Laulettu Kalevala. Julkaistu: 2023. Raita 1.\",\"meta\":{\"artist\":\"Heikki Laitinen\",\"album\":\"Laulettu Kalevala\",\"year\":\"2023\",\"length_formatted\":\"19:52\"},\"image\":{\"src\":\"https:\\\/\\\/etno.net\\\/wp-includes\\\/images\\\/media\\\/audio.svg\",\"width\":48,\"height\":64},\"thumb\":{\"src\":\"https:\\\/\\\/etno.net\\\/wp-includes\\\/images\\\/media\\\/audio.svg\",\"width\":48,\"height\":64}},{\"src\":\"https:\\\/\\\/etno.net\\\/wp-content\\\/uploads\\\/2023\\\/02\\\/7-Runo-tiivistelma\\u0308.mp3\",\"type\":\"audio\\\/mpeg\",\"title\":\"7. runo, tiivistelm\\u00e4\",\"caption\":\"\",\"description\":\"\\\"7 Runo tiivistelm\\u00e4\\\" albumilta Laulettu Kalevala. Julkaistu: 2023. Raita 1.\",\"meta\":{\"artist\":\"Juha Valkeap\\u00e4\\u00e4\",\"album\":\"Laulettu Kalevala\",\"year\":\"2023\",\"length_formatted\":\"0:56\"},\"image\":{\"src\":\"https:\\\/\\\/etno.net\\\/wp-includes\\\/images\\\/media\\\/audio.svg\",\"width\":48,\"height\":64},\"thumb\":{\"src\":\"https:\\\/\\\/etno.net\\\/wp-includes\\\/images\\\/media\\\/audio.svg\",\"width\":48,\"height\":64}},{\"src\":\"https:\\\/\\\/etno.net\\\/wp-content\\\/uploads\\\/2023\\\/02\\\/7-Runo-Laulettu-Kalevala.mp3\",\"type\":\"audio\\\/mpeg\",\"title\":\"7. runo\",\"caption\":\"\",\"description\":\"\\\"7 Runo\\\" albumilta Laulettu Kalevala. Julkaistu: 2023. Raita 1.\",\"meta\":{\"artist\":\"Maari Kallberg\",\"album\":\"Laulettu Kalevala\",\"year\":\"2023\",\"length_formatted\":\"23:43\"},\"image\":{\"src\":\"https:\\\/\\\/etno.net\\\/wp-includes\\\/images\\\/media\\\/audio.svg\",\"width\":48,\"height\":64},\"thumb\":{\"src\":\"https:\\\/\\\/etno.net\\\/wp-includes\\\/images\\\/media\\\/audio.svg\",\"width\":48,\"height\":64}},{\"src\":\"https:\\\/\\\/etno.net\\\/wp-content\\\/uploads\\\/2023\\\/02\\\/8-Runo-tiivistelma\\u0308.mp3\",\"type\":\"audio\\\/mpeg\",\"title\":\"8. runo, tiivistelm\\u00e4\",\"caption\":\"\",\"description\":\"\\\"8 Runo tiivistelm\\u00e4\\\" albumilta Laulettu Kalevala. Julkaistu: 2023. Raita 1.\",\"meta\":{\"artist\":\"Juha Valkeap\\u00e4\\u00e4\",\"album\":\"Laulettu Kalevala\",\"year\":\"2023\",\"length_formatted\":\"0:36\"},\"image\":{\"src\":\"https:\\\/\\\/etno.net\\\/wp-includes\\\/images\\\/media\\\/audio.svg\",\"width\":48,\"height\":64},\"thumb\":{\"src\":\"https:\\\/\\\/etno.net\\\/wp-includes\\\/images\\\/media\\\/audio.svg\",\"width\":48,\"height\":64}},{\"src\":\"https:\\\/\\\/etno.net\\\/wp-content\\\/uploads\\\/2023\\\/02\\\/8-Runo-Laulettu-Kalevala.mp3\",\"type\":\"audio\\\/mpeg\",\"title\":\"8. runo\",\"caption\":\"\",\"description\":\"\\\"8 Runo\\\" albumilta Laulettu Kalevala. Julkaistu: 2023. Raita 1.\",\"meta\":{\"artist\":\"Eila Hartikainen\",\"album\":\"Laulettu Kalevala\",\"year\":\"2023\",\"length_formatted\":\"16:53\"},\"image\":{\"src\":\"https:\\\/\\\/etno.net\\\/wp-includes\\\/images\\\/media\\\/audio.svg\",\"width\":48,\"height\":64},\"thumb\":{\"src\":\"https:\\\/\\\/etno.net\\\/wp-includes\\\/images\\\/media\\\/audio.svg\",\"width\":48,\"height\":64}},{\"src\":\"https:\\\/\\\/etno.net\\\/wp-content\\\/uploads\\\/2023\\\/02\\\/9-Runo-tiivistelma\\u0308.mp3\",\"type\":\"audio\\\/mpeg\",\"title\":\"9. runo, tiivistelm\\u00e4\",\"caption\":\"\",\"description\":\"\\\"9 Runo tiivistelm\\u00e4\\\" albumilta Laulettu Kalevala. Julkaistu: 2023. Raita 1.\",\"meta\":{\"artist\":\"Juha Valkeap\\u00e4\\u00e4\",\"album\":\"Laulettu Kalevala\",\"year\":\"2023\",\"length_formatted\":\"0:32\"},\"image\":{\"src\":\"https:\\\/\\\/etno.net\\\/wp-includes\\\/images\\\/media\\\/audio.svg\",\"width\":48,\"height\":64},\"thumb\":{\"src\":\"https:\\\/\\\/etno.net\\\/wp-includes\\\/images\\\/media\\\/audio.svg\",\"width\":48,\"height\":64}},{\"src\":\"https:\\\/\\\/etno.net\\\/wp-content\\\/uploads\\\/2023\\\/02\\\/9-Runo-Laulettu-Kalevala.mp3\",\"type\":\"audio\\\/mpeg\",\"title\":\"9. runo\",\"caption\":\"\",\"description\":\"\\\"9 Runo\\\" albumilta Laulettu Kalevala. Julkaistu: 2023. Raita 1.\",\"meta\":{\"artist\":\"Anna-Kaisa Liedes\",\"album\":\"Laulettu Kalevala\",\"year\":\"2023\",\"length_formatted\":\"46:22\"},\"image\":{\"src\":\"https:\\\/\\\/etno.net\\\/wp-includes\\\/images\\\/media\\\/audio.svg\",\"width\":48,\"height\":64},\"thumb\":{\"src\":\"https:\\\/\\\/etno.net\\\/wp-includes\\\/images\\\/media\\\/audio.svg\",\"width\":48,\"height\":64}},{\"src\":\"https:\\\/\\\/etno.net\\\/wp-content\\\/uploads\\\/2023\\\/02\\\/10-Runo-tiivistelma\\u0308.mp3\",\"type\":\"audio\\\/mpeg\",\"title\":\"10. runo, tiivistelm\\u00e4\",\"caption\":\"\",\"description\":\"\\\"10 Runo tiivistelm\\u00e4\\\" albumilta Laulettu Kalevala. Julkaistu: 2023. Raita 1.\",\"meta\":{\"artist\":\"Juha Valkeap\\u00e4\\u00e4\",\"album\":\"Laulettu Kalevala\",\"year\":\"2023\",\"length_formatted\":\"0:39\"},\"image\":{\"src\":\"https:\\\/\\\/etno.net\\\/wp-includes\\\/images\\\/media\\\/audio.svg\",\"width\":48,\"height\":64},\"thumb\":{\"src\":\"https:\\\/\\\/etno.net\\\/wp-includes\\\/images\\\/media\\\/audio.svg\",\"width\":48,\"height\":64}},{\"src\":\"https:\\\/\\\/etno.net\\\/wp-content\\\/uploads\\\/2023\\\/02\\\/10-Runo-Laulettu-Kalevala.mp3\",\"type\":\"audio\\\/mpeg\",\"title\":\"10. runo\",\"caption\":\"\",\"description\":\"\\\"10 Runo\\\" albumilta Laulettu Kalevala. Julkaistu: 2023. Raita 1.\",\"meta\":{\"artist\":\"Taito Hoffr\\u00e9n\",\"album\":\"Laulettu Kalevala\",\"year\":\"2023\",\"length_formatted\":\"31:37\"},\"image\":{\"src\":\"https:\\\/\\\/etno.net\\\/wp-includes\\\/images\\\/media\\\/audio.svg\",\"width\":48,\"height\":64},\"thumb\":{\"src\":\"https:\\\/\\\/etno.net\\\/wp-includes\\\/images\\\/media\\\/audio.svg\",\"width\":48,\"height\":64}}]}<\/script>\n<\/div>\n\t\n<h2>Laulettu Kalevala -a\u0308a\u0308nikirja, Jakso 1\/3<\/h2>\n<\/div>\n<\/div>\n<\/div>\n<\/div>\n<p>1. runo: Taito Hoffre\u0301n &amp; Anna-Kaisa Liedes, 27:39<br \/>\n2. runo: Ilona Korhonen, 22:32<br \/>\n3. runo: Taito Hoffre\u0301n, 35:33<br \/>\n4. runo: Maari Kallberg, 27:19<br \/>\n5. runo: Eila Hartikainen, 16:34<br \/>\n6. runo: Heikki Laitinen, 19:54<br \/>\n7. runo: Maari Kallberg, 23:45<br \/>\n8. runo: Eila Hartikainen, 16:55<br \/>\n9. runo: Anna-Kaisa Liedes, 46:26<br \/>\n10. runo: Taito Hoffre\u0301n, 31:40<\/p>\n<p>Kokonaiskesto: 4h 47min<\/p>\n<\/div>\n<\/div>\n<\/div>\n<\/div>\n<p>Runot: Elias Lo\u0308nnrot: Kalevala 1849 &#8211; karjalais-suomalainen eepos Runolaulusa\u0308velma\u0308t: kansansa\u0308velmia\u0308<br \/>\nTyo\u0308ryhma\u0308n tekema\u0308t runojen tiivistelma\u0308t lukee: Juha Valkeapa\u0308a\u0308 Runolaulajat &amp; lukija: A\u0308a\u0308niteatteri Iki-Turso<\/p>\n<p>A\u0308a\u0308nitys, editointi &amp; masterointi: Taito Hoffre\u0301n<br \/>\nA\u0308a\u0308nitetty: toukokuu 2022 &#8211; helmikuu 2023 Kallio-Kuninkala, Ja\u0308rvenpa\u0308a\u0308; A\u0308a\u0308nia\u0308 Studio, Pukkila &amp; Helsinki<br \/>\n\u2117 pihla folk<\/p>\n<p>Visuaalinen suunnittelija: Tatu Rouvinen<br \/>\nHankkeen koollekutsuja &amp; tuotanto: Mari Pa\u0308a\u0308kko\u0308nen \/ pihla folk<\/p>\n<p>Hanketta tukevat: Jenny &amp; Antti Wihurin rahasto, Kalevalaseura, Suomen Kulttuurirahasto, Niilo Helanderin sa\u0308a\u0308tio\u0308 &amp; Taiteen edista\u0308miskeskus<br \/>\nA\u0308a\u0308nikirja on osa Taideyliopiston Sibelius-Akatemian Kansanmusiikin aineryhma\u0308n a\u0308a\u0308nitesarjaa<\/p>\n<\/div>\n<\/div>\n<\/div>\n<\/div>\n","protected":false},"excerpt":{"rendered":"<p>Sibelius-Akatemian kansanmusiikki\u00e4\u00e4nitteit\u00e4 184<\/p>","protected":false},"featured_media":4086,"comment_status":"closed","ping_status":"closed","template":"","meta":{"_acf_changed":false},"product_brand":[],"product_cat":[65],"product_tag":[159,142,83,75],"class_list":{"0":"post-3728","1":"product","2":"type-product","3":"status-publish","4":"has-post-thumbnail","6":"product_cat-aanitteet","7":"product_tag-kalevala","8":"product_tag-kalevalamitta","9":"product_tag-laulu","10":"product_tag-runolaulu","12":"first","13":"instock","14":"shipping-taxable","15":"product-type-simple"},"acf":[],"_links":{"self":[{"href":"https:\/\/etno.net\/en\/wp-json\/wp\/v2\/product\/3728","targetHints":{"allow":["GET"]}}],"collection":[{"href":"https:\/\/etno.net\/en\/wp-json\/wp\/v2\/product"}],"about":[{"href":"https:\/\/etno.net\/en\/wp-json\/wp\/v2\/types\/product"}],"replies":[{"embeddable":true,"href":"https:\/\/etno.net\/en\/wp-json\/wp\/v2\/comments?post=3728"}],"wp:featuredmedia":[{"embeddable":true,"href":"https:\/\/etno.net\/en\/wp-json\/wp\/v2\/media\/4086"}],"wp:attachment":[{"href":"https:\/\/etno.net\/en\/wp-json\/wp\/v2\/media?parent=3728"}],"wp:term":[{"taxonomy":"product_brand","embeddable":true,"href":"https:\/\/etno.net\/en\/wp-json\/wp\/v2\/product_brand?post=3728"},{"taxonomy":"product_cat","embeddable":true,"href":"https:\/\/etno.net\/en\/wp-json\/wp\/v2\/product_cat?post=3728"},{"taxonomy":"product_tag","embeddable":true,"href":"https:\/\/etno.net\/en\/wp-json\/wp\/v2\/product_tag?post=3728"}],"curies":[{"name":"wp","href":"https:\/\/api.w.org\/{rel}","templated":true}]}}