{"id":4226,"date":"2026-04-25T00:01:24","date_gmt":"2026-04-24T22:01:24","guid":{"rendered":"https:\/\/etno.net\/?post_type=product&#038;p=4226"},"modified":"2026-04-27T17:28:41","modified_gmt":"2026-04-27T15:28:41","slug":"laulettu-kalevala-jakso-3-3","status":"publish","type":"product","link":"https:\/\/etno.net\/en\/julkaisu\/aanitteet\/laulettu-kalevala-jakso-3-3","title":{"rendered":"Laulettu Kalevala, Jakso 3\/3"},"content":{"rendered":"<!--[if lt IE 9]><script>document.createElement('audio');<\/script><![endif]-->\n\t<div class=\"wp-playlist wp-audio-playlist wp-playlist-light\">\n\t\t\t<div class=\"wp-playlist-current-item\"><\/div>\n\t\t<audio controls=\"controls\" preload=\"none\" width=\"778\"\n\t\t\t><\/audio>\n\t<div class=\"wp-playlist-next\"><\/div>\n\t<div class=\"wp-playlist-prev\"><\/div>\n\t<noscript>\n\t<ol>\n\t\t<li><a href='https:\/\/etno.net\/wp-content\/uploads\/2026\/04\/laulettukalevala_31_runo_tiivistelma.mp3'>31. runo, tiivistelm\u00e4<\/a><\/li><li><a href='https:\/\/etno.net\/wp-content\/uploads\/2026\/04\/laulettukalevala_31_runo.mp3'>31. runo<\/a><\/li><li><a href='https:\/\/etno.net\/wp-content\/uploads\/2026\/04\/laulettukalevala_32_runo_tiivistelma.mp3'>32. runo, tiivistelm\u00e4<\/a><\/li><li><a href='https:\/\/etno.net\/wp-content\/uploads\/2026\/04\/laulettukalevala_32_runo.mp3'>32. runo<\/a><\/li><li><a href='https:\/\/etno.net\/wp-content\/uploads\/2026\/04\/laulettukalevala_33_runo_tiivistelma.mp3'>33. runo, tiivistelm\u00e4<\/a><\/li><li><a href='https:\/\/etno.net\/wp-content\/uploads\/2026\/04\/laulettukalevala_33_runo.mp3'>33. runo<\/a><\/li><li><a href='https:\/\/etno.net\/wp-content\/uploads\/2026\/04\/laulettukalevala_34_runo_tiivistelma.mp3'>34. runo, tiivistelm\u00e4<\/a><\/li><li><a href='https:\/\/etno.net\/wp-content\/uploads\/2026\/04\/laulettukalevala_34_runo.mp3'>34. runo<\/a><\/li><li><a href='https:\/\/etno.net\/wp-content\/uploads\/2026\/04\/laulettukalevala_35_runo_tiivistelma.mp3'>35. runo, tiivistelm\u00e4<\/a><\/li><li><a href='https:\/\/etno.net\/wp-content\/uploads\/2026\/04\/laulettukalevala_35_runo.mp3'>35. runo<\/a><\/li><li><a href='https:\/\/etno.net\/wp-content\/uploads\/2026\/04\/laulettukalevala_36_runo_tiivistelma.mp3'>36. runo tiivistelm\u00e4<\/a><\/li><li><a href='https:\/\/etno.net\/wp-content\/uploads\/2026\/04\/laulettukalevala_36_runo.mp3'>36. runo<\/a><\/li><li><a href='https:\/\/etno.net\/wp-content\/uploads\/2026\/04\/laulettukalevala_37_runo_tiivistelma.mp3'>37. runo, tiivistelm\u00e4<\/a><\/li><li><a href='https:\/\/etno.net\/wp-content\/uploads\/2026\/04\/laulettukalevala_37_runo.mp3'>37. runo<\/a><\/li><li><a href='https:\/\/etno.net\/wp-content\/uploads\/2026\/04\/laulettukalevala_38_runo_tiivistelma.mp3'>38. runo, tiivistelm\u00e4<\/a><\/li><li><a href='https:\/\/etno.net\/wp-content\/uploads\/2026\/04\/laulettukalevala_38_runo.mp3'>38. runo<\/a><\/li><li><a href='https:\/\/etno.net\/wp-content\/uploads\/2026\/04\/laulettukalevala_39_runo_tiivistelma.mp3'>39. runo, tiivistelm\u00e4<\/a><\/li><li><a href='https:\/\/etno.net\/wp-content\/uploads\/2026\/04\/laulettukalevala_39_runo.mp3'>39. runo<\/a><\/li><li><a href='https:\/\/etno.net\/wp-content\/uploads\/2026\/04\/laulettukalevala_40_runo_tiivistelma.mp3'>40. runo, tiivistelm\u00e4<\/a><\/li><li><a href='https:\/\/etno.net\/wp-content\/uploads\/2026\/04\/laulettukalevala_40_runo.mp3'>40. runo<\/a><\/li><li><a href='https:\/\/etno.net\/wp-content\/uploads\/2026\/04\/laulettukalevala_41_runo_tiivistelma.mp3'>41. runo, tiivistelm\u00e4<\/a><\/li><li><a href='https:\/\/etno.net\/wp-content\/uploads\/2026\/04\/laulettukalevala_41_runo.mp3'>41. runo<\/a><\/li><li><a href='https:\/\/etno.net\/wp-content\/uploads\/2026\/04\/laulettukalevala_42_runo_tiivistelma.mp3'>42. runo, tiivistelm\u00e4<\/a><\/li><li><a href='https:\/\/etno.net\/wp-content\/uploads\/2026\/04\/laulettukalevala_42_runo.mp3'>42. runo<\/a><\/li><li><a href='https:\/\/etno.net\/wp-content\/uploads\/2026\/04\/laulettukalevala_43_runo_tiivistelma.mp3'>43. runo, tiivistelm\u00e4<\/a><\/li><li><a href='https:\/\/etno.net\/wp-content\/uploads\/2026\/04\/laulettukalevala_43_runo.mp3'>43. runo<\/a><\/li><li><a href='https:\/\/etno.net\/wp-content\/uploads\/2026\/04\/laulettukalevala_44_runo_tiivistelma.mp3'>44. runo, tiivistelm\u00e4<\/a><\/li><li><a href='https:\/\/etno.net\/wp-content\/uploads\/2026\/04\/laulettukalevala_44_runo.mp3'>44. runo<\/a><\/li><li><a href='https:\/\/etno.net\/wp-content\/uploads\/2026\/04\/laulettukalevala_45_runo_tiivistelma.mp3'>45. runo, tiivistelm\u00e4<\/a><\/li><li><a href='https:\/\/etno.net\/wp-content\/uploads\/2026\/04\/laulettukalevala_45_runo.mp3'>45. runo<\/a><\/li><li><a href='https:\/\/etno.net\/wp-content\/uploads\/2026\/04\/laulettukalevala_46_runo_tiivistelma.mp3'>46. runo, tiivistelm\u00e4<\/a><\/li><li><a href='https:\/\/etno.net\/wp-content\/uploads\/2026\/04\/laulettukalevala_46_runo.mp3'>46. runo<\/a><\/li><li><a href='https:\/\/etno.net\/wp-content\/uploads\/2026\/04\/laulettukalevala_47_runo_tiivistelma.mp3'>47. runo, tiivistelm\u00e4<\/a><\/li><li><a href='https:\/\/etno.net\/wp-content\/uploads\/2026\/04\/laulettukalevala_47_runo.mp3'>47. runo<\/a><\/li><li><a href='https:\/\/etno.net\/wp-content\/uploads\/2026\/04\/laulettukalevala_48_runo_tiivistelma.mp3'>48. runo, tiivistelm\u00e4<\/a><\/li><li><a href='https:\/\/etno.net\/wp-content\/uploads\/2026\/04\/laulettukalevala_48_runo.mp3'>48. runo<\/a><\/li><li><a href='https:\/\/etno.net\/wp-content\/uploads\/2026\/04\/laulettukalevala_49_runo_tiivistelma.mp3'>49. runo, tiivistelm\u00e4<\/a><\/li><li><a href='https:\/\/etno.net\/wp-content\/uploads\/2026\/04\/laulettukalevala_49_runo.mp3'>49. runo<\/a><\/li><li><a href='https:\/\/etno.net\/wp-content\/uploads\/2026\/04\/laulettukalevala_50_runo_tiivistelma.mp3'>50. runo, tiivistelm\u00e4<\/a><\/li><li><a href='https:\/\/etno.net\/wp-content\/uploads\/2026\/04\/laulettukalevala_50_runo.mp3'>50. runo<\/a><\/li>\t<\/ol>\n\t<\/noscript>\n\t<script type=\"application\/json\" class=\"wp-playlist-script\">{\"type\":\"audio\",\"tracklist\":true,\"tracknumbers\":false,\"images\":false,\"artists\":true,\"tracks\":[{\"src\":\"https:\\\/\\\/etno.net\\\/wp-content\\\/uploads\\\/2026\\\/04\\\/laulettukalevala_31_runo_tiivistelma.mp3\",\"type\":\"audio\\\/mpeg\",\"title\":\"31. runo, tiivistelm\\u00e4\",\"caption\":\"\",\"description\":\"\\\"31. runo - tiivistelm\\u00e4\\\" albumilta Laulettu Kalevala, Jakso 3\\\/3. Julkaistu: 2026.\",\"meta\":{\"artist\":\"Juha Valkeap\\u00e4\\u00e4\",\"album\":\"Laulettu Kalevala, Jakso 3\\\/3\",\"year\":\"2026\",\"length_formatted\":\"0:56\"},\"image\":{\"src\":\"https:\\\/\\\/etno.net\\\/wp-includes\\\/images\\\/media\\\/audio.svg\",\"width\":48,\"height\":64},\"thumb\":{\"src\":\"https:\\\/\\\/etno.net\\\/wp-includes\\\/images\\\/media\\\/audio.svg\",\"width\":48,\"height\":64}},{\"src\":\"https:\\\/\\\/etno.net\\\/wp-content\\\/uploads\\\/2026\\\/04\\\/laulettukalevala_31_runo.mp3\",\"type\":\"audio\\\/mpeg\",\"title\":\"31. runo\",\"caption\":\"\",\"description\":\"\\\"laulettukalevala_31_runo\\\" albumilta Laulettu Kalevala, Jakso 3\\\/3. Julkaistu: 2026.\",\"meta\":{\"artist\":\"Anna-Kaisa Liedes\",\"album\":\"Laulettu Kalevala, Jakso 3\\\/3\",\"year\":\"2026\",\"length_formatted\":\"26:54\"},\"image\":{\"src\":\"https:\\\/\\\/etno.net\\\/wp-includes\\\/images\\\/media\\\/audio.svg\",\"width\":48,\"height\":64},\"thumb\":{\"src\":\"https:\\\/\\\/etno.net\\\/wp-includes\\\/images\\\/media\\\/audio.svg\",\"width\":48,\"height\":64}},{\"src\":\"https:\\\/\\\/etno.net\\\/wp-content\\\/uploads\\\/2026\\\/04\\\/laulettukalevala_32_runo_tiivistelma.mp3\",\"type\":\"audio\\\/mpeg\",\"title\":\"32. runo, tiivistelm\\u00e4\",\"caption\":\"\",\"description\":\"\\\"laulettukalevala_32_runo_tiivistelma\\u0308\\\" albumilta Laulettu Kalevala, Jakso 3\\\/3. Julkaistu: 2026.\",\"meta\":{\"artist\":\"Juha Valkeap\\u00e4\\u00e4\",\"album\":\"Laulettu Kalevala, Jakso 3\\\/3\",\"year\":\"2026\",\"length_formatted\":\"0:42\"},\"image\":{\"src\":\"https:\\\/\\\/etno.net\\\/wp-includes\\\/images\\\/media\\\/audio.svg\",\"width\":48,\"height\":64},\"thumb\":{\"src\":\"https:\\\/\\\/etno.net\\\/wp-includes\\\/images\\\/media\\\/audio.svg\",\"width\":48,\"height\":64}},{\"src\":\"https:\\\/\\\/etno.net\\\/wp-content\\\/uploads\\\/2026\\\/04\\\/laulettukalevala_32_runo.mp3\",\"type\":\"audio\\\/mpeg\",\"title\":\"32. runo\",\"caption\":\"\",\"description\":\"\\\"32. runo\\\" albumilta Laulettu Kalevala, Jakso 3\\\/3. Julkaistu: 2026.\",\"meta\":{\"artist\":\"Ilona Korhonen\",\"album\":\"Laulettu Kalevala, Jakso 3\\\/3\",\"year\":\"2026\",\"length_formatted\":\"33:07\"},\"image\":{\"src\":\"https:\\\/\\\/etno.net\\\/wp-includes\\\/images\\\/media\\\/audio.svg\",\"width\":48,\"height\":64},\"thumb\":{\"src\":\"https:\\\/\\\/etno.net\\\/wp-includes\\\/images\\\/media\\\/audio.svg\",\"width\":48,\"height\":64}},{\"src\":\"https:\\\/\\\/etno.net\\\/wp-content\\\/uploads\\\/2026\\\/04\\\/laulettukalevala_33_runo_tiivistelma.mp3\",\"type\":\"audio\\\/mpeg\",\"title\":\"33. runo, tiivistelm\\u00e4\",\"caption\":\"\",\"description\":\"\\\"33. runo - tiivistelm\\u00e4\\\" albumilta Laulettu Kalevala, Jakso 3\\\/3. Julkaistu: 2026.\",\"meta\":{\"artist\":\"Juha Valkeap\\u00e4\\u00e4\",\"album\":\"Laulettu Kalevala, Jakso 3\\\/3\",\"year\":\"2026\",\"length_formatted\":\"1:03\"},\"image\":{\"src\":\"https:\\\/\\\/etno.net\\\/wp-includes\\\/images\\\/media\\\/audio.svg\",\"width\":48,\"height\":64},\"thumb\":{\"src\":\"https:\\\/\\\/etno.net\\\/wp-includes\\\/images\\\/media\\\/audio.svg\",\"width\":48,\"height\":64}},{\"src\":\"https:\\\/\\\/etno.net\\\/wp-content\\\/uploads\\\/2026\\\/04\\\/laulettukalevala_33_runo.mp3\",\"type\":\"audio\\\/mpeg\",\"title\":\"33. runo\",\"caption\":\"\",\"description\":\"\\\"33. runo\\\" albumilta Laulettu Kalevala, Jakso 3\\\/3. Julkaistu: 2026.\",\"meta\":{\"artist\":\"Heikki Laitinen\",\"album\":\"Laulettu Kalevala, Jakso 3\\\/3\",\"year\":\"2026\",\"length_formatted\":\"15:42\"},\"image\":{\"src\":\"https:\\\/\\\/etno.net\\\/wp-includes\\\/images\\\/media\\\/audio.svg\",\"width\":48,\"height\":64},\"thumb\":{\"src\":\"https:\\\/\\\/etno.net\\\/wp-includes\\\/images\\\/media\\\/audio.svg\",\"width\":48,\"height\":64}},{\"src\":\"https:\\\/\\\/etno.net\\\/wp-content\\\/uploads\\\/2026\\\/04\\\/laulettukalevala_34_runo_tiivistelma.mp3\",\"type\":\"audio\\\/mpeg\",\"title\":\"34. runo, tiivistelm\\u00e4\",\"caption\":\"\",\"description\":\"\\\"34. runo - tiivistelm\\u00e4\\\" albumilta Laulettu Kalevala, Jakso 3\\\/3. Julkaistu: 2026.\",\"meta\":{\"artist\":\"Juha Valkeap\\u00e4\\u00e4\",\"album\":\"Laulettu Kalevala, Jakso 3\\\/3\",\"year\":\"2026\",\"length_formatted\":\"0:48\"},\"image\":{\"src\":\"https:\\\/\\\/etno.net\\\/wp-includes\\\/images\\\/media\\\/audio.svg\",\"width\":48,\"height\":64},\"thumb\":{\"src\":\"https:\\\/\\\/etno.net\\\/wp-includes\\\/images\\\/media\\\/audio.svg\",\"width\":48,\"height\":64}},{\"src\":\"https:\\\/\\\/etno.net\\\/wp-content\\\/uploads\\\/2026\\\/04\\\/laulettukalevala_34_runo.mp3\",\"type\":\"audio\\\/mpeg\",\"title\":\"34. runo\",\"caption\":\"\",\"description\":\"\\\"laulettukalevala_34_runo\\\" albumilta Laulettu Kalevala, Jakso 3\\\/3. Julkaistu: 2026.\",\"meta\":{\"artist\":\"Eila Hartikainen\",\"album\":\"Laulettu Kalevala, Jakso 3\\\/3\",\"year\":\"2026\",\"length_formatted\":\"13:48\"},\"image\":{\"src\":\"https:\\\/\\\/etno.net\\\/wp-includes\\\/images\\\/media\\\/audio.svg\",\"width\":48,\"height\":64},\"thumb\":{\"src\":\"https:\\\/\\\/etno.net\\\/wp-includes\\\/images\\\/media\\\/audio.svg\",\"width\":48,\"height\":64}},{\"src\":\"https:\\\/\\\/etno.net\\\/wp-content\\\/uploads\\\/2026\\\/04\\\/laulettukalevala_35_runo_tiivistelma.mp3\",\"type\":\"audio\\\/mpeg\",\"title\":\"35. runo, tiivistelm\\u00e4\",\"caption\":\"\",\"description\":\"\\\"laulettukalevala_35_runo_tiivistelma\\u0308\\\" albumilta Laulettu Kalevala, Jakso 3\\\/3. Julkaistu: 2026.\",\"meta\":{\"artist\":\"Juha Valkeap\\u00e4\\u00e4\",\"album\":\"Laulettu Kalevala, Jakso 3\\\/3\",\"year\":\"2026\",\"length_formatted\":\"1:18\"},\"image\":{\"src\":\"https:\\\/\\\/etno.net\\\/wp-includes\\\/images\\\/media\\\/audio.svg\",\"width\":48,\"height\":64},\"thumb\":{\"src\":\"https:\\\/\\\/etno.net\\\/wp-includes\\\/images\\\/media\\\/audio.svg\",\"width\":48,\"height\":64}},{\"src\":\"https:\\\/\\\/etno.net\\\/wp-content\\\/uploads\\\/2026\\\/04\\\/laulettukalevala_35_runo.mp3\",\"type\":\"audio\\\/mpeg\",\"title\":\"35. runo\",\"caption\":\"\",\"description\":\"\\\"35. runo\\\" albumilta Laulettu Kalevala, Jakso 3\\\/3. Julkaistu: 2026.\",\"meta\":{\"artist\":\"Maari Kallberg\",\"album\":\"Laulettu Kalevala, Jakso 3\\\/3\",\"year\":\"2026\",\"length_formatted\":\"22:56\"},\"image\":{\"src\":\"https:\\\/\\\/etno.net\\\/wp-includes\\\/images\\\/media\\\/audio.svg\",\"width\":48,\"height\":64},\"thumb\":{\"src\":\"https:\\\/\\\/etno.net\\\/wp-includes\\\/images\\\/media\\\/audio.svg\",\"width\":48,\"height\":64}},{\"src\":\"https:\\\/\\\/etno.net\\\/wp-content\\\/uploads\\\/2026\\\/04\\\/laulettukalevala_36_runo_tiivistelma.mp3\",\"type\":\"audio\\\/mpeg\",\"title\":\"36. runo tiivistelm\\u00e4\",\"caption\":\"\",\"description\":\"\\\"36. runo - tiivistelm\\u00e4\\\" albumilta Laulettu Kalevala, Jakso 3\\\/3. Julkaistu: 2026.\",\"meta\":{\"artist\":\"Juha Valkeap\\u00e4\\u00e4\",\"album\":\"Laulettu Kalevala, Jakso 3\\\/3\",\"year\":\"2026\",\"length_formatted\":\"1:15\"},\"image\":{\"src\":\"https:\\\/\\\/etno.net\\\/wp-includes\\\/images\\\/media\\\/audio.svg\",\"width\":48,\"height\":64},\"thumb\":{\"src\":\"https:\\\/\\\/etno.net\\\/wp-includes\\\/images\\\/media\\\/audio.svg\",\"width\":48,\"height\":64}},{\"src\":\"https:\\\/\\\/etno.net\\\/wp-content\\\/uploads\\\/2026\\\/04\\\/laulettukalevala_36_runo.mp3\",\"type\":\"audio\\\/mpeg\",\"title\":\"36. runo\",\"caption\":\"\",\"description\":\"\\\"36. runo\\\" albumilta Laulettu Kalevala, Jakso 3\\\/3. Julkaistu: 2026.\",\"meta\":{\"artist\":\"Eila Hartikainen\",\"album\":\"Laulettu Kalevala, Jakso 3\\\/3\",\"year\":\"2026\",\"length_formatted\":\"28:07\"},\"image\":{\"src\":\"https:\\\/\\\/etno.net\\\/wp-includes\\\/images\\\/media\\\/audio.svg\",\"width\":48,\"height\":64},\"thumb\":{\"src\":\"https:\\\/\\\/etno.net\\\/wp-includes\\\/images\\\/media\\\/audio.svg\",\"width\":48,\"height\":64}},{\"src\":\"https:\\\/\\\/etno.net\\\/wp-content\\\/uploads\\\/2026\\\/04\\\/laulettukalevala_37_runo_tiivistelma.mp3\",\"type\":\"audio\\\/mpeg\",\"title\":\"37. runo, tiivistelm\\u00e4\",\"caption\":\"\",\"description\":\"\\\"37. runo - tiivistelm\\u00e4\\\" albumilta Laulettu Kalevala, Jakso 3\\\/3. Julkaistu: 2026.\",\"meta\":{\"artist\":\"Juha Valkeap\\u00e4\\u00e4\",\"album\":\"Laulettu Kalevala, Jakso 3\\\/3\",\"year\":\"2026\",\"length_formatted\":\"0:58\"},\"image\":{\"src\":\"https:\\\/\\\/etno.net\\\/wp-includes\\\/images\\\/media\\\/audio.svg\",\"width\":48,\"height\":64},\"thumb\":{\"src\":\"https:\\\/\\\/etno.net\\\/wp-includes\\\/images\\\/media\\\/audio.svg\",\"width\":48,\"height\":64}},{\"src\":\"https:\\\/\\\/etno.net\\\/wp-content\\\/uploads\\\/2026\\\/04\\\/laulettukalevala_37_runo.mp3\",\"type\":\"audio\\\/mpeg\",\"title\":\"37. runo\",\"caption\":\"\",\"description\":\"\\\"37. runo\\\" albumilta Laulettu Kalevala, Jakso 3\\\/3. Julkaistu: 2026.\",\"meta\":{\"artist\":\"Anna-Kaisa Liedes\",\"album\":\"Laulettu Kalevala, Jakso 3\\\/3\",\"year\":\"2026\",\"length_formatted\":\"18:38\"},\"image\":{\"src\":\"https:\\\/\\\/etno.net\\\/wp-includes\\\/images\\\/media\\\/audio.svg\",\"width\":48,\"height\":64},\"thumb\":{\"src\":\"https:\\\/\\\/etno.net\\\/wp-includes\\\/images\\\/media\\\/audio.svg\",\"width\":48,\"height\":64}},{\"src\":\"https:\\\/\\\/etno.net\\\/wp-content\\\/uploads\\\/2026\\\/04\\\/laulettukalevala_38_runo_tiivistelma.mp3\",\"type\":\"audio\\\/mpeg\",\"title\":\"38. runo, tiivistelm\\u00e4\",\"caption\":\"\",\"description\":\"\\\"38. runo - tiivistelm\\u00e4\\\" albumilta Laulettu Kalevala, Jakso 3\\\/3. Julkaistu: 2026.\",\"meta\":{\"artist\":\"Juha Valkeap\\u00e4\\u00e4\",\"album\":\"Laulettu Kalevala, Jakso 3\\\/3\",\"year\":\"2026\",\"length_formatted\":\"0:36\"},\"image\":{\"src\":\"https:\\\/\\\/etno.net\\\/wp-includes\\\/images\\\/media\\\/audio.svg\",\"width\":48,\"height\":64},\"thumb\":{\"src\":\"https:\\\/\\\/etno.net\\\/wp-includes\\\/images\\\/media\\\/audio.svg\",\"width\":48,\"height\":64}},{\"src\":\"https:\\\/\\\/etno.net\\\/wp-content\\\/uploads\\\/2026\\\/04\\\/laulettukalevala_38_runo.mp3\",\"type\":\"audio\\\/mpeg\",\"title\":\"38. runo\",\"caption\":\"\",\"description\":\"\\\"38. runo\\\" albumilta Laulettu Kalevala, Jakso 3\\\/3. Julkaistu: 2026.\",\"meta\":{\"artist\":\"Taito Hoffr\\u00e9n\",\"album\":\"Laulettu Kalevala, Jakso 3\\\/3\",\"year\":\"2026\",\"length_formatted\":\"18:05\"},\"image\":{\"src\":\"https:\\\/\\\/etno.net\\\/wp-includes\\\/images\\\/media\\\/audio.svg\",\"width\":48,\"height\":64},\"thumb\":{\"src\":\"https:\\\/\\\/etno.net\\\/wp-includes\\\/images\\\/media\\\/audio.svg\",\"width\":48,\"height\":64}},{\"src\":\"https:\\\/\\\/etno.net\\\/wp-content\\\/uploads\\\/2026\\\/04\\\/laulettukalevala_39_runo_tiivistelma.mp3\",\"type\":\"audio\\\/mpeg\",\"title\":\"39. runo, tiivistelm\\u00e4\",\"caption\":\"\",\"description\":\"\\\"39. runo - tiivistelm\\u00e4\\\" albumilta Laulettu Kalevala, Jakso 3\\\/3. Julkaistu: 2026.\",\"meta\":{\"artist\":\"Juha Valkeap\\u00e4\\u00e4\",\"album\":\"Laulettu Kalevala, Jakso 3\\\/3\",\"year\":\"2026\",\"length_formatted\":\"0:50\"},\"image\":{\"src\":\"https:\\\/\\\/etno.net\\\/wp-includes\\\/images\\\/media\\\/audio.svg\",\"width\":48,\"height\":64},\"thumb\":{\"src\":\"https:\\\/\\\/etno.net\\\/wp-includes\\\/images\\\/media\\\/audio.svg\",\"width\":48,\"height\":64}},{\"src\":\"https:\\\/\\\/etno.net\\\/wp-content\\\/uploads\\\/2026\\\/04\\\/laulettukalevala_39_runo.mp3\",\"type\":\"audio\\\/mpeg\",\"title\":\"39. runo\",\"caption\":\"\",\"description\":\"\\\"39. runo\\\" albumilta Laulettu Kalevala, Jakso 3\\\/3. Julkaistu: 2026.\",\"meta\":{\"artist\":\"Eila Hartikainen\",\"album\":\"Laulettu Kalevala, Jakso 3\\\/3\",\"year\":\"2026\",\"length_formatted\":\"18:37\"},\"image\":{\"src\":\"https:\\\/\\\/etno.net\\\/wp-includes\\\/images\\\/media\\\/audio.svg\",\"width\":48,\"height\":64},\"thumb\":{\"src\":\"https:\\\/\\\/etno.net\\\/wp-includes\\\/images\\\/media\\\/audio.svg\",\"width\":48,\"height\":64}},{\"src\":\"https:\\\/\\\/etno.net\\\/wp-content\\\/uploads\\\/2026\\\/04\\\/laulettukalevala_40_runo_tiivistelma.mp3\",\"type\":\"audio\\\/mpeg\",\"title\":\"40. runo, tiivistelm\\u00e4\",\"caption\":\"\",\"description\":\"\\\"40. runo - tiivistelm\\u00e4\\\" albumilta Laulettu Kalevala, Jakso 3\\\/3. Julkaistu: 2026.\",\"meta\":{\"artist\":\"Juha Valkeap\\u00e4\\u00e4\",\"album\":\"Laulettu Kalevala, Jakso 3\\\/3\",\"year\":\"2026\",\"length_formatted\":\"1:12\"},\"image\":{\"src\":\"https:\\\/\\\/etno.net\\\/wp-includes\\\/images\\\/media\\\/audio.svg\",\"width\":48,\"height\":64},\"thumb\":{\"src\":\"https:\\\/\\\/etno.net\\\/wp-includes\\\/images\\\/media\\\/audio.svg\",\"width\":48,\"height\":64}},{\"src\":\"https:\\\/\\\/etno.net\\\/wp-content\\\/uploads\\\/2026\\\/04\\\/laulettukalevala_40_runo.mp3\",\"type\":\"audio\\\/mpeg\",\"title\":\"40. runo\",\"caption\":\"\",\"description\":\"\\\"40. runo\\\" albumilta Laulettu Kalevala, Jakso 3\\\/3. Julkaistu: 2026.\",\"meta\":{\"artist\":\"Heikki Laitinen\",\"album\":\"Laulettu Kalevala, Jakso 3\\\/3\",\"year\":\"2026\",\"length_formatted\":\"26:31\"},\"image\":{\"src\":\"https:\\\/\\\/etno.net\\\/wp-includes\\\/images\\\/media\\\/audio.svg\",\"width\":48,\"height\":64},\"thumb\":{\"src\":\"https:\\\/\\\/etno.net\\\/wp-includes\\\/images\\\/media\\\/audio.svg\",\"width\":48,\"height\":64}},{\"src\":\"https:\\\/\\\/etno.net\\\/wp-content\\\/uploads\\\/2026\\\/04\\\/laulettukalevala_41_runo_tiivistelma.mp3\",\"type\":\"audio\\\/mpeg\",\"title\":\"41. runo, tiivistelm\\u00e4\",\"caption\":\"\",\"description\":\"\\\"41. runo - tiivistelm\\u00e4\\\" albumilta Laulettu Kalevala, Jakso 3\\\/3. Julkaistu: 2026.\",\"meta\":{\"artist\":\"Juha Valkeap\\u00e4\\u00e4\",\"album\":\"Laulettu Kalevala, Jakso 3\\\/3\",\"year\":\"2026\",\"length_formatted\":\"0:47\"},\"image\":{\"src\":\"https:\\\/\\\/etno.net\\\/wp-includes\\\/images\\\/media\\\/audio.svg\",\"width\":48,\"height\":64},\"thumb\":{\"src\":\"https:\\\/\\\/etno.net\\\/wp-includes\\\/images\\\/media\\\/audio.svg\",\"width\":48,\"height\":64}},{\"src\":\"https:\\\/\\\/etno.net\\\/wp-content\\\/uploads\\\/2026\\\/04\\\/laulettukalevala_41_runo.mp3\",\"type\":\"audio\\\/mpeg\",\"title\":\"41. runo\",\"caption\":\"\",\"description\":\"\\\"41. runo\\\" albumilta Laulettu Kalevala, Jakso 3\\\/3. Julkaistu: 2026.\",\"meta\":{\"artist\":\"Ilona Korhonen\",\"album\":\"Laulettu Kalevala, Jakso 3\\\/3\",\"year\":\"2026\",\"length_formatted\":\"14:16\"},\"image\":{\"src\":\"https:\\\/\\\/etno.net\\\/wp-includes\\\/images\\\/media\\\/audio.svg\",\"width\":48,\"height\":64},\"thumb\":{\"src\":\"https:\\\/\\\/etno.net\\\/wp-includes\\\/images\\\/media\\\/audio.svg\",\"width\":48,\"height\":64}},{\"src\":\"https:\\\/\\\/etno.net\\\/wp-content\\\/uploads\\\/2026\\\/04\\\/laulettukalevala_42_runo_tiivistelma.mp3\",\"type\":\"audio\\\/mpeg\",\"title\":\"42. runo, tiivistelm\\u00e4\",\"caption\":\"\",\"description\":\"\\\"42. runo - tiivistelm\\u00e4\\\" albumilta Laulettu Kalevala, Jakso 3\\\/3. Julkaistu: 2026.\",\"meta\":{\"artist\":\"Juha Valkeap\\u00e4\\u00e4\",\"album\":\"Laulettu Kalevala, Jakso 3\\\/3\",\"year\":\"2026\",\"length_formatted\":\"1:34\"},\"image\":{\"src\":\"https:\\\/\\\/etno.net\\\/wp-includes\\\/images\\\/media\\\/audio.svg\",\"width\":48,\"height\":64},\"thumb\":{\"src\":\"https:\\\/\\\/etno.net\\\/wp-includes\\\/images\\\/media\\\/audio.svg\",\"width\":48,\"height\":64}},{\"src\":\"https:\\\/\\\/etno.net\\\/wp-content\\\/uploads\\\/2026\\\/04\\\/laulettukalevala_42_runo.mp3\",\"type\":\"audio\\\/mpeg\",\"title\":\"42. runo\",\"caption\":\"\",\"description\":\"\\\"42. runo\\\" albumilta Laulettu Kalevala, Jakso 3\\\/3. Julkaistu: 2026.\",\"meta\":{\"artist\":\"Maari Kallberg\",\"album\":\"Laulettu Kalevala, Jakso 3\\\/3\",\"year\":\"2026\",\"length_formatted\":\"36:21\"},\"image\":{\"src\":\"https:\\\/\\\/etno.net\\\/wp-includes\\\/images\\\/media\\\/audio.svg\",\"width\":48,\"height\":64},\"thumb\":{\"src\":\"https:\\\/\\\/etno.net\\\/wp-includes\\\/images\\\/media\\\/audio.svg\",\"width\":48,\"height\":64}},{\"src\":\"https:\\\/\\\/etno.net\\\/wp-content\\\/uploads\\\/2026\\\/04\\\/laulettukalevala_43_runo_tiivistelma.mp3\",\"type\":\"audio\\\/mpeg\",\"title\":\"43. runo, tiivistelm\\u00e4\",\"caption\":\"\",\"description\":\"\\\"43. runo - tiivistelm\\u00e4\\\" albumilta Laulettu Kalevala, Jakso 3\\\/3. Julkaistu: 2026.\",\"meta\":{\"artist\":\"Juha Valkeap\\u00e4\\u00e4\",\"album\":\"Laulettu Kalevala, Jakso 3\\\/3\",\"year\":\"2026\",\"length_formatted\":\"1:03\"},\"image\":{\"src\":\"https:\\\/\\\/etno.net\\\/wp-includes\\\/images\\\/media\\\/audio.svg\",\"width\":48,\"height\":64},\"thumb\":{\"src\":\"https:\\\/\\\/etno.net\\\/wp-includes\\\/images\\\/media\\\/audio.svg\",\"width\":48,\"height\":64}},{\"src\":\"https:\\\/\\\/etno.net\\\/wp-content\\\/uploads\\\/2026\\\/04\\\/laulettukalevala_43_runo.mp3\",\"type\":\"audio\\\/mpeg\",\"title\":\"43. runo\",\"caption\":\"\",\"description\":\"\\\"43. runo\\\" albumilta Laulettu Kalevala, Jakso 3\\\/3. Julkaistu: 2026.\",\"meta\":{\"artist\":\"Taito Hoffr\\u00e9n\",\"album\":\"Laulettu Kalevala, Jakso 3\\\/3\",\"year\":\"2026\",\"length_formatted\":\"24:39\"},\"image\":{\"src\":\"https:\\\/\\\/etno.net\\\/wp-includes\\\/images\\\/media\\\/audio.svg\",\"width\":48,\"height\":64},\"thumb\":{\"src\":\"https:\\\/\\\/etno.net\\\/wp-includes\\\/images\\\/media\\\/audio.svg\",\"width\":48,\"height\":64}},{\"src\":\"https:\\\/\\\/etno.net\\\/wp-content\\\/uploads\\\/2026\\\/04\\\/laulettukalevala_44_runo_tiivistelma.mp3\",\"type\":\"audio\\\/mpeg\",\"title\":\"44. runo, tiivistelm\\u00e4\",\"caption\":\"\",\"description\":\"\\\"44. runo - tiivistelm\\u00e4\\\" albumilta Laulettu Kalevala, Jakso 3\\\/3. Julkaistu: 2026.\",\"meta\":{\"artist\":\"Juha Valkeap\\u00e4\\u00e4\",\"album\":\"Laulettu Kalevala, Jakso 3\\\/3\",\"year\":\"2026\",\"length_formatted\":\"0:59\"},\"image\":{\"src\":\"https:\\\/\\\/etno.net\\\/wp-includes\\\/images\\\/media\\\/audio.svg\",\"width\":48,\"height\":64},\"thumb\":{\"src\":\"https:\\\/\\\/etno.net\\\/wp-includes\\\/images\\\/media\\\/audio.svg\",\"width\":48,\"height\":64}},{\"src\":\"https:\\\/\\\/etno.net\\\/wp-content\\\/uploads\\\/2026\\\/04\\\/laulettukalevala_44_runo.mp3\",\"type\":\"audio\\\/mpeg\",\"title\":\"44. runo\",\"caption\":\"\",\"description\":\"\\\"44. runo\\\" albumilta Laulettu Kalevala, Jakso 3\\\/3. Julkaistu: 2026.\",\"meta\":{\"artist\":\"Heikki Laitinen\",\"album\":\"Laulettu Kalevala, Jakso 3\\\/3\",\"year\":\"2026\",\"length_formatted\":\"25:47\"},\"image\":{\"src\":\"https:\\\/\\\/etno.net\\\/wp-includes\\\/images\\\/media\\\/audio.svg\",\"width\":48,\"height\":64},\"thumb\":{\"src\":\"https:\\\/\\\/etno.net\\\/wp-includes\\\/images\\\/media\\\/audio.svg\",\"width\":48,\"height\":64}},{\"src\":\"https:\\\/\\\/etno.net\\\/wp-content\\\/uploads\\\/2026\\\/04\\\/laulettukalevala_45_runo_tiivistelma.mp3\",\"type\":\"audio\\\/mpeg\",\"title\":\"45. runo, tiivistelm\\u00e4\",\"caption\":\"\",\"description\":\"\\\"45. runo - tiivistelm\\u00e4\\\" albumilta Laulettu Kalevala, Jakso 3\\\/3. Julkaistu: 2026.\",\"meta\":{\"artist\":\"Juha Valkeap\\u00e4\\u00e4\",\"album\":\"Laulettu Kalevala, Jakso 3\\\/3\",\"year\":\"2026\",\"length_formatted\":\"0:43\"},\"image\":{\"src\":\"https:\\\/\\\/etno.net\\\/wp-includes\\\/images\\\/media\\\/audio.svg\",\"width\":48,\"height\":64},\"thumb\":{\"src\":\"https:\\\/\\\/etno.net\\\/wp-includes\\\/images\\\/media\\\/audio.svg\",\"width\":48,\"height\":64}},{\"src\":\"https:\\\/\\\/etno.net\\\/wp-content\\\/uploads\\\/2026\\\/04\\\/laulettukalevala_45_runo.mp3\",\"type\":\"audio\\\/mpeg\",\"title\":\"45. runo\",\"caption\":\"\",\"description\":\"\\\"45. runo\\\" albumilta Laulettu Kalevala, Jakso 3\\\/3. Julkaistu: 2026.\",\"meta\":{\"artist\":\"Anna-Kaisa Liedes\",\"album\":\"Laulettu Kalevala, Jakso 3\\\/3\",\"year\":\"2026\",\"length_formatted\":\"25:18\"},\"image\":{\"src\":\"https:\\\/\\\/etno.net\\\/wp-includes\\\/images\\\/media\\\/audio.svg\",\"width\":48,\"height\":64},\"thumb\":{\"src\":\"https:\\\/\\\/etno.net\\\/wp-includes\\\/images\\\/media\\\/audio.svg\",\"width\":48,\"height\":64}},{\"src\":\"https:\\\/\\\/etno.net\\\/wp-content\\\/uploads\\\/2026\\\/04\\\/laulettukalevala_46_runo_tiivistelma.mp3\",\"type\":\"audio\\\/mpeg\",\"title\":\"46. runo, tiivistelm\\u00e4\",\"caption\":\"\",\"description\":\"\\\"46. runo - tiivistelm\\u00e4\\\" albumilta Laulettu Kalevala, Jakso 3\\\/3. Julkaistu: 2026.\",\"meta\":{\"artist\":\"Juha Valkeap\\u00e4\\u00e4\",\"album\":\"Laulettu Kalevala, Jakso 3\\\/3\",\"year\":\"2026\",\"length_formatted\":\"0:38\"},\"image\":{\"src\":\"https:\\\/\\\/etno.net\\\/wp-includes\\\/images\\\/media\\\/audio.svg\",\"width\":48,\"height\":64},\"thumb\":{\"src\":\"https:\\\/\\\/etno.net\\\/wp-includes\\\/images\\\/media\\\/audio.svg\",\"width\":48,\"height\":64}},{\"src\":\"https:\\\/\\\/etno.net\\\/wp-content\\\/uploads\\\/2026\\\/04\\\/laulettukalevala_46_runo.mp3\",\"type\":\"audio\\\/mpeg\",\"title\":\"46. runo\",\"caption\":\"\",\"description\":\"\\\"46. runo\\\" albumilta Laulettu Kalevala, Jakso 3\\\/3. Julkaistu: 2026.\",\"meta\":{\"artist\":\"Eila Hartikainen\",\"album\":\"Laulettu Kalevala, Jakso 3\\\/3\",\"year\":\"2026\",\"length_formatted\":\"44:29\"},\"image\":{\"src\":\"https:\\\/\\\/etno.net\\\/wp-includes\\\/images\\\/media\\\/audio.svg\",\"width\":48,\"height\":64},\"thumb\":{\"src\":\"https:\\\/\\\/etno.net\\\/wp-includes\\\/images\\\/media\\\/audio.svg\",\"width\":48,\"height\":64}},{\"src\":\"https:\\\/\\\/etno.net\\\/wp-content\\\/uploads\\\/2026\\\/04\\\/laulettukalevala_47_runo_tiivistelma.mp3\",\"type\":\"audio\\\/mpeg\",\"title\":\"47. runo, tiivistelm\\u00e4\",\"caption\":\"\",\"description\":\"\\\"47. runo - tiivistelm\\u00e4\\\" albumilta Laulettu Kalevala, Jakso 3\\\/3. Julkaistu: 2026.\",\"meta\":{\"artist\":\"Juha Valkeap\\u00e4\\u00e4\",\"album\":\"Laulettu Kalevala, Jakso 3\\\/3\",\"year\":\"2026\",\"length_formatted\":\"0:57\"},\"image\":{\"src\":\"https:\\\/\\\/etno.net\\\/wp-includes\\\/images\\\/media\\\/audio.svg\",\"width\":48,\"height\":64},\"thumb\":{\"src\":\"https:\\\/\\\/etno.net\\\/wp-includes\\\/images\\\/media\\\/audio.svg\",\"width\":48,\"height\":64}},{\"src\":\"https:\\\/\\\/etno.net\\\/wp-content\\\/uploads\\\/2026\\\/04\\\/laulettukalevala_47_runo.mp3\",\"type\":\"audio\\\/mpeg\",\"title\":\"47. runo\",\"caption\":\"\",\"description\":\"\\\"47. runo\\\" albumilta Laulettu Kalevala, Jakso 3\\\/3. Julkaistu: 2026.\",\"meta\":{\"artist\":\"Heikki Laitinen\",\"album\":\"Laulettu Kalevala, Jakso 3\\\/3\",\"year\":\"2026\",\"length_formatted\":\"17:51\"},\"image\":{\"src\":\"https:\\\/\\\/etno.net\\\/wp-includes\\\/images\\\/media\\\/audio.svg\",\"width\":48,\"height\":64},\"thumb\":{\"src\":\"https:\\\/\\\/etno.net\\\/wp-includes\\\/images\\\/media\\\/audio.svg\",\"width\":48,\"height\":64}},{\"src\":\"https:\\\/\\\/etno.net\\\/wp-content\\\/uploads\\\/2026\\\/04\\\/laulettukalevala_48_runo_tiivistelma.mp3\",\"type\":\"audio\\\/mpeg\",\"title\":\"48. runo, tiivistelm\\u00e4\",\"caption\":\"\",\"description\":\"\\\"48. runo - tiivistelm\\u00e4\\\" albumilta Laulettu Kalevala, Jakso 3\\\/3. Julkaistu: 2026.\",\"meta\":{\"artist\":\"Juha Valkeap\\u00e4\\u00e4\",\"album\":\"Laulettu Kalevala, Jakso 3\\\/3\",\"year\":\"2026\",\"length_formatted\":\"1:09\"},\"image\":{\"src\":\"https:\\\/\\\/etno.net\\\/wp-includes\\\/images\\\/media\\\/audio.svg\",\"width\":48,\"height\":64},\"thumb\":{\"src\":\"https:\\\/\\\/etno.net\\\/wp-includes\\\/images\\\/media\\\/audio.svg\",\"width\":48,\"height\":64}},{\"src\":\"https:\\\/\\\/etno.net\\\/wp-content\\\/uploads\\\/2026\\\/04\\\/laulettukalevala_48_runo.mp3\",\"type\":\"audio\\\/mpeg\",\"title\":\"48. runo\",\"caption\":\"\",\"description\":\"\\\"48. runo\\\" albumilta Laulettu Kalevala, Jakso 3\\\/3. Julkaistu: 2026.\",\"meta\":{\"artist\":\"Anna-Kaisa Liedes\",\"album\":\"Laulettu Kalevala, Jakso 3\\\/3\",\"year\":\"2026\",\"length_formatted\":\"23:10\"},\"image\":{\"src\":\"https:\\\/\\\/etno.net\\\/wp-includes\\\/images\\\/media\\\/audio.svg\",\"width\":48,\"height\":64},\"thumb\":{\"src\":\"https:\\\/\\\/etno.net\\\/wp-includes\\\/images\\\/media\\\/audio.svg\",\"width\":48,\"height\":64}},{\"src\":\"https:\\\/\\\/etno.net\\\/wp-content\\\/uploads\\\/2026\\\/04\\\/laulettukalevala_49_runo_tiivistelma.mp3\",\"type\":\"audio\\\/mpeg\",\"title\":\"49. runo, tiivistelm\\u00e4\",\"caption\":\"\",\"description\":\"\\\"49. runo - tiivistelm\\u00e4\\\" albumilta Laulettu Kalevala, Jakso 3\\\/3. Julkaistu: 2026.\",\"meta\":{\"artist\":\"Juha Valkeap\\u00e4\\u00e4\",\"album\":\"Laulettu Kalevala, Jakso 3\\\/3\",\"year\":\"2026\",\"length_formatted\":\"1:14\"},\"image\":{\"src\":\"https:\\\/\\\/etno.net\\\/wp-includes\\\/images\\\/media\\\/audio.svg\",\"width\":48,\"height\":64},\"thumb\":{\"src\":\"https:\\\/\\\/etno.net\\\/wp-includes\\\/images\\\/media\\\/audio.svg\",\"width\":48,\"height\":64}},{\"src\":\"https:\\\/\\\/etno.net\\\/wp-content\\\/uploads\\\/2026\\\/04\\\/laulettukalevala_49_runo.mp3\",\"type\":\"audio\\\/mpeg\",\"title\":\"49. runo\",\"caption\":\"\",\"description\":\"\\\"49. runo\\\" albumilta Laulettu Kalevala, Jakso 3\\\/3. Julkaistu: 2026.\",\"meta\":{\"artist\":\"Maari Kallberg\",\"album\":\"Laulettu Kalevala, Jakso 3\\\/3\",\"year\":\"2026\",\"length_formatted\":\"34:50\"},\"image\":{\"src\":\"https:\\\/\\\/etno.net\\\/wp-includes\\\/images\\\/media\\\/audio.svg\",\"width\":48,\"height\":64},\"thumb\":{\"src\":\"https:\\\/\\\/etno.net\\\/wp-includes\\\/images\\\/media\\\/audio.svg\",\"width\":48,\"height\":64}},{\"src\":\"https:\\\/\\\/etno.net\\\/wp-content\\\/uploads\\\/2026\\\/04\\\/laulettukalevala_50_runo_tiivistelma.mp3\",\"type\":\"audio\\\/mpeg\",\"title\":\"50. runo, tiivistelm\\u00e4\",\"caption\":\"\",\"description\":\"\\\"50. runo - tiivistelm\\u00e4\\\" albumilta Laulettu Kalevala, Jakso 3\\\/3. Julkaistu: 2026.\",\"meta\":{\"artist\":\"Juha Valkeap\\u00e4\\u00e4\",\"album\":\"Laulettu Kalevala, Jakso 3\\\/3\",\"year\":\"2026\",\"length_formatted\":\"1:15\"},\"image\":{\"src\":\"https:\\\/\\\/etno.net\\\/wp-includes\\\/images\\\/media\\\/audio.svg\",\"width\":48,\"height\":64},\"thumb\":{\"src\":\"https:\\\/\\\/etno.net\\\/wp-includes\\\/images\\\/media\\\/audio.svg\",\"width\":48,\"height\":64}},{\"src\":\"https:\\\/\\\/etno.net\\\/wp-content\\\/uploads\\\/2026\\\/04\\\/laulettukalevala_50_runo.mp3\",\"type\":\"audio\\\/mpeg\",\"title\":\"50. runo\",\"caption\":\"\",\"description\":\"\\\"50. runo\\\" albumilta Laulettu Kalevala, Jakso 3\\\/3. Julkaistu: 2026.\",\"meta\":{\"artist\":\"Ilona Korhonen & Taito Hoffr\\u00e9n\",\"album\":\"Laulettu Kalevala, Jakso 3\\\/3\",\"year\":\"2026\",\"length_formatted\":\"41:37\"},\"image\":{\"src\":\"https:\\\/\\\/etno.net\\\/wp-includes\\\/images\\\/media\\\/audio.svg\",\"width\":48,\"height\":64},\"thumb\":{\"src\":\"https:\\\/\\\/etno.net\\\/wp-includes\\\/images\\\/media\\\/audio.svg\",\"width\":48,\"height\":64}}]}<\/script>\n<\/div>\n\t\n<h2>Laulettu Kalevala -\u00e4\u00e4nikirja, Jakso 3\/3<\/h2>\n<p>31. runo: Anna-Kaisa Liedes, 26:54<br \/>\n32. runo: Ilona Korhonen, 33:07<br \/>\n33. runo: Heikki Laitinen, 15:42<br \/>\n34. runo: Eila Hartikainen, 13:48<br \/>\n35. runo: Maari Kallberg, 22:56<br \/>\n36. runo: Eila Hartikainen, 28:07<br \/>\n37. runo: Anna-Kaisa Liedes, 18:38<br \/>\n38. runo: Taito Hoffr\u00e9n, 18:05<br \/>\n39. runo: Eila Hartikainen, 18:37<br \/>\n40. runo: Heikki Laitinen, 26:31<br \/>\n41. runo: Ilona Korhonen, 14:16<br \/>\n42. runo: Maari Kallberg, 36:21<br \/>\n43. runo: Taito Hoffr\u00e9n, 24:39<br \/>\n44. runo: Heikki Laitinen, 25:47<br \/>\n45. runo: Anna-Kaisa Liedes, 25:18<br \/>\n46. runo: Eila Hartikainen, 44:29<br \/>\n47. runo: Heikki Laitinen, 17:51<br \/>\n48. runo: Anna-Kaisa Liedes, 23:10<br \/>\n49. runo: Maari Kallberg, 34:50<br \/>\n50. runo: Ilona Korhonen &amp; Taito Hoffr\u00e9n, 41:37<\/p>\n<p>Kokonaiskesto: 8:30:43<\/p>\n<p>Runot: Elias L\u00f6nnrot: Kalevala 1849 &#8211; karjalais-suomalainen eepos<br \/>\nRunolaulus\u00e4velm\u00e4t: kansans\u00e4velmi\u00e4<br \/>\nTy\u00f6ryhm\u00e4n tekem\u00e4t runojen tiivistelm\u00e4t lukee: Juha Valkeap\u00e4\u00e4<br \/>\nRunolaulajat &amp; lukija: \u00c4\u00e4niteatteri Iki-Turso<\/p>\n<p>\u00c4\u00e4nitys, editointi &amp; masterointi: Taito Hoffr\u00e9n &amp; Alec Havinmaa<br \/>\n\u00c4\u00e4nitetty: toukokuu &#8211; lokakuu 2022 Kallio-Kuninkala, J\u00e4rvenp\u00e4\u00e4; \u00c4\u00e4ni\u00e4 Studio, Pukkila &amp; Helsinki, maaliskuu 2024 \u00c4\u00e4ni\u00e4 Studio, Pukkila<br \/>\n\u2117 pihla folk<\/p>\n<p>Visuaalinen suunnittelija: Tatu Rouvinen<\/p>\n<p>Hankkeen koollekutsuja &amp; tuotanto: Mari P\u00e4\u00e4kk\u00f6nen \/ pihla folk<\/p>\n<p>Hanketta tukivat vuosina 2021-2023: Jenny ja Antti Wihurin rahasto, Kalevalaseura, Suomen Kulttuurirahasto, Niilo Helanderin S\u00e4\u00e4ti\u00f6, Taiteen edist\u00e4miskeskus<br \/>\nHanketta tukee vuonna 2026: Kalevalaseura<br \/>\n\u00c4\u00e4nikirja on osa Taideyliopiston Sibelius-Akatemian Kansanmusiikin aineryhm\u00e4n \u00e4\u00e4nitesarjaa<\/p>\n<p>Laulettu Kalevala -\u00e4\u00e4nikirjan 3. jakso julkaistaan digitaalisesti Runolaulup\u00e4iv\u00e4n\u00e4, 25.4.2026<\/p>\n","protected":false},"excerpt":{"rendered":"<p>Laulettu Kalevala -\u00e4\u00e4nikirja, Jakso 3\/3 31. runo: Anna-Kaisa Liedes, 26:54 32. runo: Ilona Korhonen, 33:07 33. runo: Heikki Laitinen, 15:42 34. runo: Eila Hartikainen, 13:48 35. runo: Maari Kallberg, 22:56 36. runo: Eila Hartikainen, 28:07 37. runo: Anna-Kaisa Liedes, 18:38 38. runo: Taito Hoffr\u00e9n, 18:05 39. runo: Eila Hartikainen, 18:37 40. runo: Heikki Laitinen, 26:31 [&hellip;]<\/p>\n","protected":false},"featured_media":4268,"comment_status":"closed","ping_status":"closed","template":"","meta":{"_acf_changed":false},"product_brand":[],"product_cat":[65],"product_tag":[],"class_list":{"0":"post-4226","1":"product","2":"type-product","3":"status-publish","4":"has-post-thumbnail","6":"product_cat-aanitteet","8":"first","9":"instock","10":"shipping-taxable","11":"product-type-simple"},"acf":[],"_links":{"self":[{"href":"https:\/\/etno.net\/en\/wp-json\/wp\/v2\/product\/4226","targetHints":{"allow":["GET"]}}],"collection":[{"href":"https:\/\/etno.net\/en\/wp-json\/wp\/v2\/product"}],"about":[{"href":"https:\/\/etno.net\/en\/wp-json\/wp\/v2\/types\/product"}],"replies":[{"embeddable":true,"href":"https:\/\/etno.net\/en\/wp-json\/wp\/v2\/comments?post=4226"}],"wp:featuredmedia":[{"embeddable":true,"href":"https:\/\/etno.net\/en\/wp-json\/wp\/v2\/media\/4268"}],"wp:attachment":[{"href":"https:\/\/etno.net\/en\/wp-json\/wp\/v2\/media?parent=4226"}],"wp:term":[{"taxonomy":"product_brand","embeddable":true,"href":"https:\/\/etno.net\/en\/wp-json\/wp\/v2\/product_brand?post=4226"},{"taxonomy":"product_cat","embeddable":true,"href":"https:\/\/etno.net\/en\/wp-json\/wp\/v2\/product_cat?post=4226"},{"taxonomy":"product_tag","embeddable":true,"href":"https:\/\/etno.net\/en\/wp-json\/wp\/v2\/product_tag?post=4226"}],"curies":[{"name":"wp","href":"https:\/\/api.w.org\/{rel}","templated":true}]}}